{"id":345,"date":"2023-08-24T12:45:57","date_gmt":"2023-08-24T10:45:57","guid":{"rendered":"https:\/\/muziekpers-pressemusicale.be\/?page_id=345"},"modified":"2025-12-23T13:07:42","modified_gmt":"2025-12-23T12:07:42","slug":"about-us","status":"publish","type":"page","link":"https:\/\/muziekpers-pressemusicale.be\/fr\/about-us\/","title":{"rendered":"\u00c0 propos de nous"},"content":{"rendered":"<div data-elementor-type=\"wp-page\" data-elementor-id=\"345\" class=\"elementor elementor-345\" data-elementor-post-type=\"page\">\n\t\t\t\t\t\t<section class=\"elementor-section elementor-top-section elementor-element elementor-element-7fe4855 elementor-section-boxed elementor-section-height-default elementor-section-height-default\" data-id=\"7fe4855\" data-element_type=\"section\" data-settings=\"{&quot;background_background&quot;:&quot;classic&quot;}\">\n\t\t\t\t\t\t<div class=\"elementor-container elementor-column-gap-default\">\n\t\t\t\t\t<div class=\"elementor-column elementor-col-100 elementor-top-column elementor-element elementor-element-62e4fca\" data-id=\"62e4fca\" data-element_type=\"column\">\n\t\t\t<div class=\"elementor-widget-wrap elementor-element-populated\">\n\t\t\t\t\t\t<div class=\"elementor-element elementor-element-972b19d elementor-widget elementor-widget-heading\" data-id=\"972b19d\" data-element_type=\"widget\" data-widget_type=\"heading.default\">\n\t\t\t\t<div class=\"elementor-widget-container\">\n\t\t\t\t\t<h1 class=\"elementor-heading-title elementor-size-default\">\u00c0 propos de nous<\/h1>\t\t\t\t<\/div>\n\t\t\t\t<\/div>\n\t\t\t\t\t<\/div>\n\t\t<\/div>\n\t\t\t\t\t<\/div>\n\t\t<\/section>\n\t\t\t\t<section class=\"elementor-section elementor-top-section elementor-element elementor-element-99fe8c6 elementor-section-boxed elementor-section-height-default elementor-section-height-default\" data-id=\"99fe8c6\" data-element_type=\"section\">\n\t\t\t\t\t\t<div class=\"elementor-container elementor-column-gap-default\">\n\t\t\t\t\t<div class=\"elementor-column elementor-col-100 elementor-top-column elementor-element elementor-element-9495d70\" data-id=\"9495d70\" data-element_type=\"column\">\n\t\t\t<div class=\"elementor-widget-wrap elementor-element-populated\">\n\t\t\t\t\t\t<div class=\"elementor-element elementor-element-47f331d elementor-widget elementor-widget-spacer\" data-id=\"47f331d\" data-element_type=\"widget\" data-widget_type=\"spacer.default\">\n\t\t\t\t<div class=\"elementor-widget-container\">\n\t\t\t\t\t\t\t<div class=\"elementor-spacer\">\n\t\t\t<div class=\"elementor-spacer-inner\"><\/div>\n\t\t<\/div>\n\t\t\t\t\t\t<\/div>\n\t\t\t\t<\/div>\n\t\t\t\t\t<\/div>\n\t\t<\/div>\n\t\t\t\t\t<\/div>\n\t\t<\/section>\n\t\t\t\t<section class=\"elementor-section elementor-top-section elementor-element elementor-element-c2f65d7 elementor-section-boxed elementor-section-height-default elementor-section-height-default\" data-id=\"c2f65d7\" data-element_type=\"section\">\n\t\t\t\t\t\t<div class=\"elementor-container elementor-column-gap-default\">\n\t\t\t\t\t<div class=\"elementor-column elementor-col-33 elementor-top-column elementor-element elementor-element-82c7b8a\" data-id=\"82c7b8a\" data-element_type=\"column\" data-settings=\"{&quot;background_background&quot;:&quot;classic&quot;}\">\n\t\t\t<div class=\"elementor-widget-wrap elementor-element-populated\">\n\t\t\t\t\t\t<div class=\"elementor-element elementor-element-671b3c1 animated-slow elementor-invisible elementor-widget elementor-widget-image\" data-id=\"671b3c1\" data-element_type=\"widget\" data-settings=\"{&quot;_animation&quot;:&quot;fadeInLeft&quot;}\" data-widget_type=\"image.default\">\n\t\t\t\t<div class=\"elementor-widget-container\">\n\t\t\t\t\t\t\t\t\t\t\t\t\t\t\t<img decoding=\"async\" src=\"https:\/\/muziekpers-pressemusicale.be\/wp-content\/uploads\/elementor\/thumbs\/logo-versie_3-qhh0m0aayuv6hduy9cuddqoxuv7jgdjk5k80qyujtc.png\" title=\"logo-versie_3\" alt=\"logo-versie_3\" loading=\"lazy\" \/>\t\t\t\t\t\t\t\t\t\t\t\t\t\t\t<\/div>\n\t\t\t\t<\/div>\n\t\t\t\t\t<\/div>\n\t\t<\/div>\n\t\t\t\t<div class=\"elementor-column elementor-col-66 elementor-top-column elementor-element elementor-element-e5ba613\" data-id=\"e5ba613\" data-element_type=\"column\">\n\t\t\t<div class=\"elementor-widget-wrap elementor-element-populated\">\n\t\t\t\t\t\t<div class=\"elementor-element elementor-element-4ce5691 elementor-widget elementor-widget-heading\" data-id=\"4ce5691\" data-element_type=\"widget\" data-widget_type=\"heading.default\">\n\t\t\t\t<div class=\"elementor-widget-container\">\n\t\t\t\t\t<h2 class=\"elementor-heading-title elementor-size-default\">Notre mission<\/h2>\t\t\t\t<\/div>\n\t\t\t\t<\/div>\n\t\t\t\t<div class=\"elementor-element elementor-element-2fb3dca elementor-widget elementor-widget-text-editor\" data-id=\"2fb3dca\" data-element_type=\"widget\" data-widget_type=\"text-editor.default\">\n\t\t\t\t<div class=\"elementor-widget-container\">\n\t\t\t\t\t\t\t\t\t<p>L\u2019objectif de cette association bilingue est d\u2019\u00e9tablir entre ses membres et tous ceux qui \u00e9crivent \u00e0 propos de musique des relations d\u2019entraide et de confraternit\u00e9 ainsi que d\u2019intervenir, dans un esprit de conciliation, lors d\u2019\u00e9ventuels conflits, internes ou externes. En outre, l\u2019Union se propose de soutenir et d\u2019\u00e9tendre l\u2019effort des compositeurs et interpr\u00e8tes belges, tant en Belgique qu\u2019\u00e0 l\u2019\u00e9tranger. Elle d\u00e9signe chaque ann\u00e9e ses Prix Cecilia pour les meilleurs CD et DVD \u00e9dit\u00e9s au cours de l\u2019ann\u00e9e \u00e9coul\u00e9e, ainsi qu\u2019un Prix du Jeune Musicien de l\u2019Ann\u00e9e (en collaboration avec Bozar Music) d\u00e9cern\u00e9 alternativement, depuis 2008, \u00e0 un musicien n\u00e9erlandophone et \u00e0 un musicien francophone, ce qui permet \u00e0 tous de mieux conna\u00eetre les nouveaux talents des deux communaut\u00e9s.<\/p><p>Huidig leiderschap: Jasper Croonen (voorzitter) en Roger Creyf (secretaris).<\/p>\t\t\t\t\t\t\t\t<\/div>\n\t\t\t\t<\/div>\n\t\t\t\t\t<\/div>\n\t\t<\/div>\n\t\t\t\t\t<\/div>\n\t\t<\/section>\n\t\t\t\t<section class=\"elementor-section elementor-top-section elementor-element elementor-element-4dc9094 elementor-section-boxed elementor-section-height-default elementor-section-height-default\" data-id=\"4dc9094\" data-element_type=\"section\" data-settings=\"{&quot;background_background&quot;:&quot;classic&quot;}\">\n\t\t\t\t\t\t<div class=\"elementor-container elementor-column-gap-default\">\n\t\t\t\t\t<div class=\"elementor-column elementor-col-16 elementor-top-column elementor-element elementor-element-b8ebb55\" data-id=\"b8ebb55\" data-element_type=\"column\">\n\t\t\t<div class=\"elementor-widget-wrap elementor-element-populated\">\n\t\t\t\t\t\t<div class=\"elementor-element elementor-element-74b1225 elementor-widget elementor-widget-spacer\" data-id=\"74b1225\" data-element_type=\"widget\" data-widget_type=\"spacer.default\">\n\t\t\t\t<div class=\"elementor-widget-container\">\n\t\t\t\t\t\t\t<div class=\"elementor-spacer\">\n\t\t\t<div class=\"elementor-spacer-inner\"><\/div>\n\t\t<\/div>\n\t\t\t\t\t\t<\/div>\n\t\t\t\t<\/div>\n\t\t\t\t\t<\/div>\n\t\t<\/div>\n\t\t\t\t<div class=\"elementor-column elementor-col-66 elementor-top-column elementor-element elementor-element-14aa91c\" data-id=\"14aa91c\" data-element_type=\"column\" data-settings=\"{&quot;background_background&quot;:&quot;classic&quot;}\">\n\t\t\t<div class=\"elementor-widget-wrap elementor-element-populated\">\n\t\t\t\t\t\t<div class=\"elementor-element elementor-element-df293c9 elementor-widget elementor-widget-spacer\" data-id=\"df293c9\" data-element_type=\"widget\" data-widget_type=\"spacer.default\">\n\t\t\t\t<div class=\"elementor-widget-container\">\n\t\t\t\t\t\t\t<div class=\"elementor-spacer\">\n\t\t\t<div class=\"elementor-spacer-inner\"><\/div>\n\t\t<\/div>\n\t\t\t\t\t\t<\/div>\n\t\t\t\t<\/div>\n\t\t\t\t<div class=\"elementor-element elementor-element-c03d3c8 elementor-widget elementor-widget-heading\" data-id=\"c03d3c8\" data-element_type=\"widget\" data-widget_type=\"heading.default\">\n\t\t\t\t<div class=\"elementor-widget-container\">\n\t\t\t\t\t<h2 class=\"elementor-heading-title elementor-size-default\">Geschiedenis<\/h2>\t\t\t\t<\/div>\n\t\t\t\t<\/div>\n\t\t\t\t<div class=\"elementor-element elementor-element-d2a9f16 elementor-widget elementor-widget-text-editor\" data-id=\"d2a9f16\" data-element_type=\"widget\" data-widget_type=\"text-editor.default\">\n\t\t\t\t<div class=\"elementor-widget-container\">\n\t\t\t\t\t\t\t\t\t<p>In 1953 werd onder het voorzitterschap van Arthur Michel de Vereniging van de Belgische Muziekpers als een zelfstandige vereniging op 11 april van dat jaar&nbsp;<span style=\"color: var( --e-global-color-primary ); font-family: var( --e-global-typography-b2ce6af-font-family ), Sans-serif; font-size: var( --e-global-typography-b2ce6af-font-size ); font-style: var( --e-global-typography-b2ce6af-font-style ); font-weight: var( --e-global-typography-b2ce6af-font-weight ); letter-spacing: var( --e-global-typography-b2ce6af-letter-spacing ); text-transform: var( --e-global-typography-b2ce6af-text-transform ); word-spacing: var( --e-global-typography-b2ce6af-word-spacing );\">opgericht<\/span><span style=\"color: var( --e-global-color-primary ); font-family: var( --e-global-typography-b2ce6af-font-family ), Sans-serif; font-size: var( --e-global-typography-b2ce6af-font-size ); font-style: var( --e-global-typography-b2ce6af-font-style ); font-weight: var( --e-global-typography-b2ce6af-font-weight ); letter-spacing: var( --e-global-typography-b2ce6af-letter-spacing ); text-transform: var( --e-global-typography-b2ce6af-text-transform ); word-spacing: var( --e-global-typography-b2ce6af-word-spacing );\">.<\/span><\/p>\n<p>In 1974 werden de Cecilia-prijzen in het leven geroepen onder impuls van de toenmalige voorzitter Albert De Sutter (1917-1990), een muziekcriticus verbonden aan de Gazet van Antwerpen. Deze prijzen werden jaarlijks toegekend aan de beste grammofoonplaten die in het afgelopen jaar op de Belgische platenmarkt verkrijgbaar waren. Daarnaast werd jaarlijks de &#8216;Prijs Ren\u00e9 Snepvangers&#8217; toegekend aan de beste Belgische opname. Later werd de &#8220;Albert De Sutter prijs&#8221; voor de beste historische opname toegevoegd aan de Cecilia-prijzen.<\/p>\n<p>In 1979 vierde de vereniging 25 jaar VBM met een galaconcert in de Elisabethzaal in Antwerpen, in aanwezigheid van koningin Fabiola en minister van Nederlandse Cultuur Rika De Backer. Het galaconcert werd opgeluisterd door een optreden van Jessye Norman.<\/p>\n<p>In 1998 werd Erna Metdepenninghen voorzitter van de vzw VBMP\/UPMB, zoals vermeld in het Staatsblad van 26 november 1998.<\/p>\n<p>In 1999 vonden kleine wijzigingen in de statuten plaats op 30 november 1999, waaronder de benoeming van Martine&nbsp;<span style=\"color: var( --e-global-color-primary ); font-family: var( --e-global-typography-b2ce6af-font-family ), Sans-serif; font-size: var( --e-global-typography-b2ce6af-font-size ); font-style: var( --e-global-typography-b2ce6af-font-style ); font-weight: var( --e-global-typography-b2ce6af-font-weight ); letter-spacing: var( --e-global-typography-b2ce6af-letter-spacing ); text-transform: var( --e-global-typography-b2ce6af-text-transform ); word-spacing: var( --e-global-typography-b2ce6af-word-spacing );\">Mergeay&nbsp;<\/span><span style=\"color: var( --e-global-color-primary ); font-family: var( --e-global-typography-b2ce6af-font-family ), Sans-serif; font-size: var( --e-global-typography-b2ce6af-font-size ); font-style: var( --e-global-typography-b2ce6af-font-style ); font-weight: var( --e-global-typography-b2ce6af-font-weight ); letter-spacing: var( --e-global-typography-b2ce6af-letter-spacing ); text-transform: var( --e-global-typography-b2ce6af-text-transform ); word-spacing: var( --e-global-typography-b2ce6af-word-spacing );\">als secretaris voor het Franse deel en Marleen Spaepen voor het Nederlandse deel.<\/span><\/p>\n<p>In 2005 besloot de vzw haar statuten integraal te wijzigen en te vervangen door een nieuwe tekst, neergelegd bij de rechtbank van Koophandel Gent op 21 december 2005 en gepubliceerd in het Staatsblad op 3 januari 2006.<\/p>\n<p>Onder het nieuwe voorzitterschap van Michel Hambersin in 2010 traden Jean Lacroix en Roger Creyf toe tot het bestuur als respectievelijk Nederlandse en Franse secretaris, zoals gepubliceerd in het Staatsblad op 10 december 2010.<\/p>\n<p>In 2016 werd Martine Mergeay voorzitter en werd de zetel verplaatst naar haar adres, zoals beslist tijdens de Algemene Vergadering op 28 mei 2014 en gepubliceerd in het Staatsblad op 19 september 2016.<\/p>\n<p>In 2018 werd Patrice Lieberman voorzitter en werd de zetel opnieuw verplaatst, deze keer naar zijn adres, volgens de beslissing van de Algemene Vergadering op 15 januari 2018, gepubliceerd in het Staatsblad op 23 december 2020.<\/p><p>In 2025 werd Jasper Croonen als nieuwe voorzitter verkozen.<\/p>\t\t\t\t\t\t\t\t<\/div>\n\t\t\t\t<\/div>\n\t\t\t\t<div class=\"elementor-element elementor-element-b56088b elementor-widget elementor-widget-spacer\" data-id=\"b56088b\" data-element_type=\"widget\" data-widget_type=\"spacer.default\">\n\t\t\t\t<div class=\"elementor-widget-container\">\n\t\t\t\t\t\t\t<div class=\"elementor-spacer\">\n\t\t\t<div class=\"elementor-spacer-inner\"><\/div>\n\t\t<\/div>\n\t\t\t\t\t\t<\/div>\n\t\t\t\t<\/div>\n\t\t\t\t\t<\/div>\n\t\t<\/div>\n\t\t\t\t<div class=\"elementor-column elementor-col-16 elementor-top-column elementor-element elementor-element-cd86c83\" data-id=\"cd86c83\" data-element_type=\"column\">\n\t\t\t<div class=\"elementor-widget-wrap elementor-element-populated\">\n\t\t\t\t\t\t<div class=\"elementor-element elementor-element-df09899 elementor-widget elementor-widget-spacer\" data-id=\"df09899\" data-element_type=\"widget\" data-widget_type=\"spacer.default\">\n\t\t\t\t<div class=\"elementor-widget-container\">\n\t\t\t\t\t\t\t<div class=\"elementor-spacer\">\n\t\t\t<div class=\"elementor-spacer-inner\"><\/div>\n\t\t<\/div>\n\t\t\t\t\t\t<\/div>\n\t\t\t\t<\/div>\n\t\t\t\t\t<\/div>\n\t\t<\/div>\n\t\t\t\t\t<\/div>\n\t\t<\/section>\n\t\t\t\t<section class=\"elementor-section elementor-top-section elementor-element elementor-element-7c18d66 elementor-section-boxed elementor-section-height-default elementor-section-height-default\" data-id=\"7c18d66\" data-element_type=\"section\">\n\t\t\t\t\t\t<div class=\"elementor-container elementor-column-gap-default\">\n\t\t\t\t\t<div class=\"elementor-column elementor-col-50 elementor-top-column elementor-element elementor-element-d0d2286\" data-id=\"d0d2286\" data-element_type=\"column\">\n\t\t\t<div class=\"elementor-widget-wrap elementor-element-populated\">\n\t\t\t\t\t\t<div class=\"elementor-element elementor-element-1bab0de elementor-widget elementor-widget-heading\" data-id=\"1bab0de\" data-element_type=\"widget\" data-widget_type=\"heading.default\">\n\t\t\t\t<div class=\"elementor-widget-container\">\n\t\t\t\t\t<h2 class=\"elementor-heading-title elementor-size-default\">Contact<\/h2>\t\t\t\t<\/div>\n\t\t\t\t<\/div>\n\t\t\t\t<div class=\"elementor-element elementor-element-264e3c1 elementor-widget elementor-widget-text-editor\" data-id=\"264e3c1\" data-element_type=\"widget\" data-widget_type=\"text-editor.default\">\n\t\t\t\t<div class=\"elementor-widget-container\">\n\t\t\t\t\t\t\t\t\t<p class=\"p1\"><b>Jasper Croonen<br \/><\/b><em><i> Pr\u00e9sident de l\u2019Union de la Presse Musicale Belge<\/i><\/em><\/p><p class=\"p1\"><b>Roger Creyf<br \/><\/b><em><i> Secr\u00e9taire de l\u2019Union de la Presse Musicale Belge<\/i><\/em><br \/><span class=\"s1\">rogercreyf[at]skynet.be<\/span><\/p><p class=\"p1\"><b>Olivier Vrins<br \/><\/b><em><i> Union de la Presse Musicale Belge<\/i><\/em><br \/><span class=\"s1\">olivier.vrins[at]gmail.com<\/span><\/p>\t\t\t\t\t\t\t\t<\/div>\n\t\t\t\t<\/div>\n\t\t\t\t\t<\/div>\n\t\t<\/div>\n\t\t\t\t<div class=\"elementor-column elementor-col-50 elementor-top-column elementor-element elementor-element-194205e\" data-id=\"194205e\" data-element_type=\"column\" data-settings=\"{&quot;background_background&quot;:&quot;classic&quot;}\">\n\t\t\t<div class=\"elementor-widget-wrap elementor-element-populated\">\n\t\t\t\t\t\t<div class=\"elementor-element elementor-element-9b69204 elementor-invisible elementor-widget elementor-widget-image\" data-id=\"9b69204\" data-element_type=\"widget\" data-settings=\"{&quot;_animation&quot;:&quot;fadeInRight&quot;}\" data-widget_type=\"image.default\">\n\t\t\t\t<div class=\"elementor-widget-container\">\n\t\t\t\t\t\t\t\t\t\t\t\t\t\t\t<img fetchpriority=\"high\" decoding=\"async\" width=\"800\" height=\"450\" src=\"https:\/\/muziekpers-pressemusicale.be\/wp-content\/uploads\/2023\/03\/banner-schrijven-1-1024x576.png\" class=\"attachment-large size-large wp-image-157\" alt=\"\" srcset=\"https:\/\/muziekpers-pressemusicale.be\/wp-content\/uploads\/2023\/03\/banner-schrijven-1-1024x576.png 1024w, https:\/\/muziekpers-pressemusicale.be\/wp-content\/uploads\/2023\/03\/banner-schrijven-1-300x169.png 300w, https:\/\/muziekpers-pressemusicale.be\/wp-content\/uploads\/2023\/03\/banner-schrijven-1-768x432.png 768w, https:\/\/muziekpers-pressemusicale.be\/wp-content\/uploads\/2023\/03\/banner-schrijven-1-1536x864.png 1536w, https:\/\/muziekpers-pressemusicale.be\/wp-content\/uploads\/2023\/03\/banner-schrijven-1-2048x1152.png 2048w, https:\/\/muziekpers-pressemusicale.be\/wp-content\/uploads\/2023\/03\/banner-schrijven-1-18x10.png 18w\" sizes=\"(max-width: 800px) 100vw, 800px\" \/>\t\t\t\t\t\t\t\t\t\t\t\t\t\t\t<\/div>\n\t\t\t\t<\/div>\n\t\t\t\t\t<\/div>\n\t\t<\/div>\n\t\t\t\t\t<\/div>\n\t\t<\/section>\n\t\t\t\t<section class=\"elementor-section elementor-top-section elementor-element elementor-element-7121576 elementor-section-boxed elementor-section-height-default elementor-section-height-default\" data-id=\"7121576\" data-element_type=\"section\">\n\t\t\t\t\t\t<div class=\"elementor-container elementor-column-gap-default\">\n\t\t\t\t\t<div class=\"elementor-column elementor-col-100 elementor-top-column elementor-element elementor-element-7fcbbaa\" data-id=\"7fcbbaa\" data-element_type=\"column\">\n\t\t\t<div class=\"elementor-widget-wrap elementor-element-populated\">\n\t\t\t\t\t\t<div class=\"elementor-element elementor-element-c5031b9 elementor-widget elementor-widget-spacer\" data-id=\"c5031b9\" data-element_type=\"widget\" data-widget_type=\"spacer.default\">\n\t\t\t\t<div class=\"elementor-widget-container\">\n\t\t\t\t\t\t\t<div class=\"elementor-spacer\">\n\t\t\t<div class=\"elementor-spacer-inner\"><\/div>\n\t\t<\/div>\n\t\t\t\t\t\t<\/div>\n\t\t\t\t<\/div>\n\t\t\t\t\t<\/div>\n\t\t<\/div>\n\t\t\t\t\t<\/div>\n\t\t<\/section>\n\t\t\t\t<section class=\"elementor-section elementor-top-section elementor-element elementor-element-232762f elementor-section-boxed elementor-section-height-default elementor-section-height-default\" data-id=\"232762f\" data-element_type=\"section\">\n\t\t\t\t\t\t<div class=\"elementor-container elementor-column-gap-default\">\n\t\t\t\t\t<div class=\"elementor-column elementor-col-100 elementor-top-column elementor-element elementor-element-ff58787\" data-id=\"ff58787\" data-element_type=\"column\">\n\t\t\t<div class=\"elementor-widget-wrap elementor-element-populated\">\n\t\t\t\t\t\t<div class=\"elementor-element elementor-element-43e9c28 elementor-widget elementor-widget-spacer\" data-id=\"43e9c28\" data-element_type=\"widget\" data-widget_type=\"spacer.default\">\n\t\t\t\t<div class=\"elementor-widget-container\">\n\t\t\t\t\t\t\t<div class=\"elementor-spacer\">\n\t\t\t<div class=\"elementor-spacer-inner\"><\/div>\n\t\t<\/div>\n\t\t\t\t\t\t<\/div>\n\t\t\t\t<\/div>\n\t\t\t\t\t<\/div>\n\t\t<\/div>\n\t\t\t\t\t<\/div>\n\t\t<\/section>\n\t\t\t\t<\/div>","protected":false},"excerpt":{"rendered":"<p>Over ons Missie De doelstelling van de tweetalige vereniging is banden van onderlinge hulp en collegialiteit tot stand brengen onder de leden en allen die over klassieke muziek schrijven en berichten en eventueel tussenkomen bij betwistingen. Daarnaast wil zij steun verlenen aan het verspreiden van werken van Belgische componisten en aan prestaties van Belgische kunstenaars [&hellip;]<\/p>","protected":false},"author":2,"featured_media":0,"parent":0,"menu_order":0,"comment_status":"closed","ping_status":"closed","template":"elementor_header_footer","meta":{"footnotes":""},"class_list":["post-345","page","type-page","status-publish","hentry"],"_links":{"self":[{"href":"https:\/\/muziekpers-pressemusicale.be\/fr\/wp-json\/wp\/v2\/pages\/345","targetHints":{"allow":["GET"]}}],"collection":[{"href":"https:\/\/muziekpers-pressemusicale.be\/fr\/wp-json\/wp\/v2\/pages"}],"about":[{"href":"https:\/\/muziekpers-pressemusicale.be\/fr\/wp-json\/wp\/v2\/types\/page"}],"author":[{"embeddable":true,"href":"https:\/\/muziekpers-pressemusicale.be\/fr\/wp-json\/wp\/v2\/users\/2"}],"replies":[{"embeddable":true,"href":"https:\/\/muziekpers-pressemusicale.be\/fr\/wp-json\/wp\/v2\/comments?post=345"}],"version-history":[{"count":103,"href":"https:\/\/muziekpers-pressemusicale.be\/fr\/wp-json\/wp\/v2\/pages\/345\/revisions"}],"predecessor-version":[{"id":1692,"href":"https:\/\/muziekpers-pressemusicale.be\/fr\/wp-json\/wp\/v2\/pages\/345\/revisions\/1692"}],"wp:attachment":[{"href":"https:\/\/muziekpers-pressemusicale.be\/fr\/wp-json\/wp\/v2\/media?parent=345"}],"curies":[{"name":"wp","href":"https:\/\/api.w.org\/{rel}","templated":true}]}}