{"id":1860,"date":"2026-04-17T19:20:37","date_gmt":"2026-04-17T17:20:37","guid":{"rendered":"https:\/\/muziekpers-pressemusicale.be\/?page_id=1860"},"modified":"2026-04-18T12:52:42","modified_gmt":"2026-04-18T10:52:42","slug":"cecilia-prijzen-2025","status":"publish","type":"page","link":"https:\/\/muziekpers-pressemusicale.be\/fr\/cecilia-prijzen-2025\/","title":{"rendered":"Prix Caecilia | 2025"},"content":{"rendered":"\t\t<div data-elementor-type=\"wp-page\" data-elementor-id=\"1860\" class=\"elementor elementor-1860\" data-elementor-post-type=\"page\">\n\t\t\t\t\t\t<section class=\"elementor-section elementor-top-section elementor-element elementor-element-8d9da8c elementor-section-boxed elementor-section-height-default elementor-section-height-default\" data-id=\"8d9da8c\" data-element_type=\"section\" data-e-type=\"section\" data-settings=\"{&quot;background_background&quot;:&quot;classic&quot;}\">\n\t\t\t\t\t\t<div class=\"elementor-container elementor-column-gap-default\">\n\t\t\t\t\t<div class=\"elementor-column elementor-col-100 elementor-top-column elementor-element elementor-element-ff5c537\" data-id=\"ff5c537\" data-element_type=\"column\" data-e-type=\"column\">\n\t\t\t<div class=\"elementor-widget-wrap elementor-element-populated\">\n\t\t\t\t\t\t<div class=\"elementor-element elementor-element-7de52f4 elementor-widget elementor-widget-heading\" data-id=\"7de52f4\" data-element_type=\"widget\" data-e-type=\"widget\" data-widget_type=\"heading.default\">\n\t\t\t\t<div class=\"elementor-widget-container\">\n\t\t\t\t\t<h1 class=\"elementor-heading-title elementor-size-default\">Cecilia Prijzen | 2025<\/h1>\t\t\t\t<\/div>\n\t\t\t\t<\/div>\n\t\t\t\t\t<\/div>\n\t\t<\/div>\n\t\t\t\t\t<\/div>\n\t\t<\/section>\n\t\t\t\t<section class=\"elementor-section elementor-top-section elementor-element elementor-element-099063f elementor-section-boxed elementor-section-height-default elementor-section-height-default\" data-id=\"099063f\" data-element_type=\"section\" data-e-type=\"section\">\n\t\t\t\t\t\t<div class=\"elementor-container elementor-column-gap-default\">\n\t\t\t\t\t<div class=\"elementor-column elementor-col-66 elementor-top-column elementor-element elementor-element-58f1350\" data-id=\"58f1350\" data-element_type=\"column\" data-e-type=\"column\">\n\t\t\t<div class=\"elementor-widget-wrap elementor-element-populated\">\n\t\t\t\t\t\t<div class=\"elementor-element elementor-element-211f7c9 elementor-widget elementor-widget-spacer\" data-id=\"211f7c9\" data-element_type=\"widget\" data-e-type=\"widget\" data-widget_type=\"spacer.default\">\n\t\t\t\t<div class=\"elementor-widget-container\">\n\t\t\t\t\t\t\t<div class=\"elementor-spacer\">\n\t\t\t<div class=\"elementor-spacer-inner\"><\/div>\n\t\t<\/div>\n\t\t\t\t\t\t<\/div>\n\t\t\t\t<\/div>\n\t\t\t\t\t<\/div>\n\t\t<\/div>\n\t\t\t\t<div class=\"elementor-column elementor-col-33 elementor-top-column elementor-element elementor-element-f830b69\" data-id=\"f830b69\" data-element_type=\"column\" data-e-type=\"column\">\n\t\t\t<div class=\"elementor-widget-wrap elementor-element-populated\">\n\t\t\t\t\t\t<div class=\"elementor-element elementor-element-994bfff elementor-toc--minimized-on-tablet elementor-widget elementor-widget-table-of-contents\" data-id=\"994bfff\" data-element_type=\"widget\" data-e-type=\"widget\" data-settings=\"{&quot;headings_by_tags&quot;:[&quot;h2&quot;],&quot;no_headings_message&quot;:&quot;Er zijn geen kopteksten gevonden op deze pagina.&quot;,&quot;marker_view&quot;:&quot;numbers&quot;,&quot;minimize_box&quot;:&quot;yes&quot;,&quot;minimized_on&quot;:&quot;tablet&quot;,&quot;hierarchical_view&quot;:&quot;yes&quot;,&quot;min_height&quot;:{&quot;unit&quot;:&quot;px&quot;,&quot;size&quot;:&quot;&quot;,&quot;sizes&quot;:[]},&quot;min_height_tablet&quot;:{&quot;unit&quot;:&quot;px&quot;,&quot;size&quot;:&quot;&quot;,&quot;sizes&quot;:[]},&quot;min_height_mobile&quot;:{&quot;unit&quot;:&quot;px&quot;,&quot;size&quot;:&quot;&quot;,&quot;sizes&quot;:[]}}\" data-widget_type=\"table-of-contents.default\">\n\t\t\t\t<div class=\"elementor-widget-container\">\n\t\t\t\t\t\t\t\t\t<div class=\"elementor-toc__header\">\n\t\t\t\t\t\t\t\t\t\t<div class=\"elementor-toc__toggle-button elementor-toc__toggle-button--expand\" role=\"button\" tabindex=\"0\" aria-controls=\"elementor-toc__994bfff\" aria-expanded=\"true\" aria-label=\"Ouvrir la table des mati\u00e8res\"><i aria-hidden=\"true\" class=\"fas fa-chevron-down\"><\/i><\/div>\n\t\t\t\t<div class=\"elementor-toc__toggle-button elementor-toc__toggle-button--collapse\" role=\"button\" tabindex=\"0\" aria-controls=\"elementor-toc__994bfff\" aria-expanded=\"true\" aria-label=\"Fermer la table des mati\u00e8res\"><i aria-hidden=\"true\" class=\"fas fa-chevron-up\"><\/i><\/div>\n\t\t\t\t\t<\/div>\n\t\t\t\t<div id=\"elementor-toc__994bfff\" class=\"elementor-toc__body\">\n\t\t\t<div class=\"elementor-toc__spinner-container\">\n\t\t\t\t<i class=\"elementor-toc__spinner eicon-animation-spin eicon-loading\" aria-hidden=\"true\"><\/i>\t\t\t<\/div>\n\t\t<\/div>\n\t\t\t\t\t\t<\/div>\n\t\t\t\t<\/div>\n\t\t\t\t\t<\/div>\n\t\t<\/div>\n\t\t\t\t\t<\/div>\n\t\t<\/section>\n\t\t\t\t<section class=\"elementor-section elementor-top-section elementor-element elementor-element-7ab9a30 elementor-section-boxed elementor-section-height-default elementor-section-height-default\" data-id=\"7ab9a30\" data-element_type=\"section\" data-e-type=\"section\" data-settings=\"{&quot;background_background&quot;:&quot;classic&quot;}\">\n\t\t\t\t\t\t<div class=\"elementor-container elementor-column-gap-default\">\n\t\t\t\t\t<div class=\"elementor-column elementor-col-100 elementor-top-column elementor-element elementor-element-396b612\" data-id=\"396b612\" data-element_type=\"column\" data-e-type=\"column\">\n\t\t\t<div class=\"elementor-widget-wrap elementor-element-populated\">\n\t\t\t\t\t\t<div class=\"elementor-element elementor-element-13741b0 elementor-widget elementor-widget-heading\" data-id=\"13741b0\" data-element_type=\"widget\" data-e-type=\"widget\" data-widget_type=\"heading.default\">\n\t\t\t\t<div class=\"elementor-widget-container\">\n\t\t\t\t\t<h2 class=\"elementor-heading-title elementor-size-default\">Jonge Musicus van het Jaar\u200b<\/h2>\t\t\t\t<\/div>\n\t\t\t\t<\/div>\n\t\t\t\t\t<\/div>\n\t\t<\/div>\n\t\t\t\t\t<\/div>\n\t\t<\/section>\n\t\t\t\t<section class=\"elementor-section elementor-top-section elementor-element elementor-element-26631d9 elementor-section-boxed elementor-section-height-default elementor-section-height-default\" data-id=\"26631d9\" data-element_type=\"section\" data-e-type=\"section\">\n\t\t\t\t\t\t<div class=\"elementor-container elementor-column-gap-default\">\n\t\t\t\t\t<div class=\"elementor-column elementor-col-16 elementor-top-column elementor-element elementor-element-19e64b9\" data-id=\"19e64b9\" data-element_type=\"column\" data-e-type=\"column\">\n\t\t\t<div class=\"elementor-widget-wrap elementor-element-populated\">\n\t\t\t\t\t\t<div class=\"elementor-element elementor-element-053cce8 elementor-widget elementor-widget-spacer\" data-id=\"053cce8\" data-element_type=\"widget\" data-e-type=\"widget\" data-widget_type=\"spacer.default\">\n\t\t\t\t<div class=\"elementor-widget-container\">\n\t\t\t\t\t\t\t<div class=\"elementor-spacer\">\n\t\t\t<div class=\"elementor-spacer-inner\"><\/div>\n\t\t<\/div>\n\t\t\t\t\t\t<\/div>\n\t\t\t\t<\/div>\n\t\t\t\t\t<\/div>\n\t\t<\/div>\n\t\t\t\t<div class=\"elementor-column elementor-col-66 elementor-top-column elementor-element elementor-element-86a94b5\" data-id=\"86a94b5\" data-element_type=\"column\" data-e-type=\"column\">\n\t\t\t<div class=\"elementor-widget-wrap elementor-element-populated\">\n\t\t\t\t\t\t<div class=\"elementor-element elementor-element-6ad7a67 elementor-widget elementor-widget-heading\" data-id=\"6ad7a67\" data-element_type=\"widget\" data-e-type=\"widget\" data-widget_type=\"heading.default\">\n\t\t\t\t<div class=\"elementor-widget-container\">\n\t\t\t\t\t<h4 class=\"elementor-heading-title elementor-size-default\">Preselectie voor de Prijs van de Jonge Musicus van het Jaar 2025 (FR)<\/h4>\t\t\t\t<\/div>\n\t\t\t\t<\/div>\n\t\t\t\t<div class=\"elementor-element elementor-element-64e8111 elementor-widget elementor-widget-text-editor\" data-id=\"64e8111\" data-element_type=\"widget\" data-e-type=\"widget\" data-widget_type=\"text-editor.default\">\n\t\t\t\t<div class=\"elementor-widget-container\">\n\t\t\t\t\t\t\t\t\t<p class=\"p1\"><i>De Prijs van de Jonge Musicus van het Jaar wordt afwisselend toegekend aan een Nederlandstalige en een Franstalige of Duitstalige musicus.<\/i><\/p><p class=\"p3\">Gwendoline Blondeel, soprano \/ sopraan<\/p><p class=\"p3\">Val\u00e8re Burnon, piano<\/p><p class=\"p3\">Pierre Fontenelle, violoncelle \/ cello<\/p><p class=\"p3\">Ombeline Gasnier, violoncelle \/ cello<\/p><p class=\"p3\">Apolline Jesupret, compositrice \/ componiste<\/p>\t\t\t\t\t\t\t\t<\/div>\n\t\t\t\t<\/div>\n\t\t\t\t\t<\/div>\n\t\t<\/div>\n\t\t\t\t<div class=\"elementor-column elementor-col-16 elementor-top-column elementor-element elementor-element-9fdc8ae\" data-id=\"9fdc8ae\" data-element_type=\"column\" data-e-type=\"column\">\n\t\t\t<div class=\"elementor-widget-wrap elementor-element-populated\">\n\t\t\t\t\t\t<div class=\"elementor-element elementor-element-2b6b58e elementor-widget elementor-widget-spacer\" data-id=\"2b6b58e\" data-element_type=\"widget\" data-e-type=\"widget\" data-widget_type=\"spacer.default\">\n\t\t\t\t<div class=\"elementor-widget-container\">\n\t\t\t\t\t\t\t<div class=\"elementor-spacer\">\n\t\t\t<div class=\"elementor-spacer-inner\"><\/div>\n\t\t<\/div>\n\t\t\t\t\t\t<\/div>\n\t\t\t\t<\/div>\n\t\t\t\t\t<\/div>\n\t\t<\/div>\n\t\t\t\t\t<\/div>\n\t\t<\/section>\n\t\t\t\t<section class=\"elementor-section elementor-top-section elementor-element elementor-element-aa03475 elementor-section-boxed elementor-section-height-default elementor-section-height-default\" data-id=\"aa03475\" data-element_type=\"section\" data-e-type=\"section\">\n\t\t\t\t\t\t<div class=\"elementor-container elementor-column-gap-default\">\n\t\t\t\t\t<div class=\"elementor-column elementor-col-33 elementor-top-column elementor-element elementor-element-f11a464\" data-id=\"f11a464\" data-element_type=\"column\" data-e-type=\"column\">\n\t\t\t<div class=\"elementor-widget-wrap elementor-element-populated\">\n\t\t\t\t\t\t<div class=\"elementor-element elementor-element-de77ea4 elementor-widget elementor-widget-image\" data-id=\"de77ea4\" data-element_type=\"widget\" data-e-type=\"widget\" data-widget_type=\"image.default\">\n\t\t\t\t<div class=\"elementor-widget-container\">\n\t\t\t\t\t\t\t\t\t\t\t\t<figure class=\"wp-caption\">\n\t\t\t\t\t\t\t\t\t\t<img decoding=\"async\" src=\"https:\/\/muziekpers-pressemusicale.be\/wp-content\/uploads\/elementor\/thumbs\/Gwendoline-Blondeel-c-Camille-Doyen-rm5fav1qsi4qjs9zjxwxmib55wpf1a7oh34za7n6sg.jpg\" title=\"Gwendoline Blondeel\" alt=\"\u00a9 Camille Doyen\" loading=\"lazy\" \/>\t\t\t\t\t\t\t\t\t\t\t<figcaption class=\"widget-image-caption wp-caption-text\">\u00a9 Camille Doyen<\/figcaption>\n\t\t\t\t\t\t\t\t\t\t<\/figure>\n\t\t\t\t\t\t\t\t\t<\/div>\n\t\t\t\t<\/div>\n\t\t\t\t\t<\/div>\n\t\t<\/div>\n\t\t\t\t<div class=\"elementor-column elementor-col-66 elementor-top-column elementor-element elementor-element-21ea982\" data-id=\"21ea982\" data-element_type=\"column\" data-e-type=\"column\">\n\t\t\t<div class=\"elementor-widget-wrap elementor-element-populated\">\n\t\t\t\t\t\t<div class=\"elementor-element elementor-element-d996a0e elementor-widget elementor-widget-heading\" data-id=\"d996a0e\" data-element_type=\"widget\" data-e-type=\"widget\" data-widget_type=\"heading.default\">\n\t\t\t\t<div class=\"elementor-widget-container\">\n\t\t\t\t\t<h4 class=\"elementor-heading-title elementor-size-default\">Winnaar<\/h4>\t\t\t\t<\/div>\n\t\t\t\t<\/div>\n\t\t\t\t<div class=\"elementor-element elementor-element-f24b56a elementor-widget elementor-widget-text-editor\" data-id=\"f24b56a\" data-element_type=\"widget\" data-e-type=\"widget\" data-widget_type=\"text-editor.default\">\n\t\t\t\t<div class=\"elementor-widget-container\">\n\t\t\t\t\t\t\t\t\t<p class=\"p1\">Gwendoline Blondeel brak in 2021 door in <i>Titon et l\u2019Aurore<\/i> van Mondonville, onder leiding van William Christie in de Op\u00e9ra-Comique, waar zij haar indrukwekkende podiumpr\u00e9sence, haar stralende klankkleur en haar vocale beheersing liet zien. Ze volgde haar opleiding aan het IMEP in Namen, studeerde aan de Acad\u00e9mie du Th\u00e9\u00e2tre de La Monnaie en trad vervolgens toe tot het Jeune Ensemble van het Grand Th\u00e9\u00e2tre de Gen\u00e8ve. In 2019 won ze de eerste prijs op het Concours de Froville.<\/p><p class=\"p1\">Hoewel zij een veelgevraagde vertolkster is van muziek uit de 17e en 18e eeuw, verkent zij een veel breder repertoire. Zij is een meesteres in het Franse barokrepertoire (Sangaride in <i>Atys<\/i> van Lully, Jonathas in <i>David et Jonathas<\/i> van Charpentier, Alphise in <i>Les Bor\u00e9ades<\/i> van Rameau, enz.), maar schittert evenzeer in Italiaanse meesterwerken (La Musica in <i>L\u2019Orfeo<\/i> van Monteverdi, Almirena in <i>Rinaldo<\/i>, Dalinda in <i>Ariodante<\/i> en Morgana in <i>Alcina<\/i> van H\u00e4ndel, enz.). In latere rollen wist Gwendoline Blondeel het publiek te enthousiasmeren als Blondchen in <i>Die Entf\u00fchrung aus dem Serail<\/i> van Mozart, Frasquita in <i>Carmen<\/i> van Bizet, Marie in <i>La Fille du R\u00e9giment<\/i> van Donizetti, Clorinda in <i>Cendrillon<\/i> van Rossini of in de Tweede symfonie van Mendelssohn.<\/p><p class=\"p1\">De Op\u00e9ra Royal de Versailles (een ware muzikale thuisbasis voor haar), het Th\u00e9\u00e2tre des Champs-\u00c9lys\u00e9es, het Th\u00e9\u00e2tre du Capitole in Toulouse, het Festival van Beaune, het Teatro Real in Madrid, de Opera van Z\u00fcrich, de Concertgebouwen van Amsterdam en Brugge, of het Konzerthaus in Wenen: Gwendoline treedt op in de meest vooraanstaande muzikale instellingen en werkt samen met vooraanstaande dirigenten als Leonardo Garc\u00eda-Alarc\u00f3n, St\u00e9phane Fuget, Christophe Rousset, Diego Fasolis, Philippe Herreweghe, S\u00e9bastien Dauc\u00e9, Thomas Hengelbrock, Emmanuelle Ha\u00efm en Kazushi Ono.<\/p>\t\t\t\t\t\t\t\t<\/div>\n\t\t\t\t<\/div>\n\t\t\t\t\t<\/div>\n\t\t<\/div>\n\t\t\t\t\t<\/div>\n\t\t<\/section>\n\t\t\t\t<section class=\"elementor-section elementor-top-section elementor-element elementor-element-e1b0424 elementor-section-boxed elementor-section-height-default elementor-section-height-default\" data-id=\"e1b0424\" data-element_type=\"section\" data-e-type=\"section\" data-settings=\"{&quot;background_background&quot;:&quot;classic&quot;}\">\n\t\t\t\t\t\t<div class=\"elementor-container elementor-column-gap-default\">\n\t\t\t\t\t<div class=\"elementor-column elementor-col-100 elementor-top-column elementor-element elementor-element-bf0fea5\" data-id=\"bf0fea5\" data-element_type=\"column\" data-e-type=\"column\">\n\t\t\t<div class=\"elementor-widget-wrap elementor-element-populated\">\n\t\t\t\t\t\t<div class=\"elementor-element elementor-element-d4d6661 elementor-widget elementor-widget-heading\" data-id=\"d4d6661\" data-element_type=\"widget\" data-e-type=\"widget\" data-widget_type=\"heading.default\">\n\t\t\t\t<div class=\"elementor-widget-container\">\n\t\t\t\t\t<h2 class=\"elementor-heading-title elementor-size-default\">Cecilia Prijzen<\/h2>\t\t\t\t<\/div>\n\t\t\t\t<\/div>\n\t\t\t\t\t<\/div>\n\t\t<\/div>\n\t\t\t\t\t<\/div>\n\t\t<\/section>\n\t\t\t\t<section class=\"elementor-section elementor-top-section elementor-element elementor-element-78e5981 elementor-section-boxed elementor-section-height-default elementor-section-height-default\" data-id=\"78e5981\" data-element_type=\"section\" data-e-type=\"section\">\n\t\t\t\t\t\t<div class=\"elementor-container elementor-column-gap-default\">\n\t\t\t\t\t<div class=\"elementor-column elementor-col-16 elementor-top-column elementor-element elementor-element-c2fddee\" data-id=\"c2fddee\" data-element_type=\"column\" data-e-type=\"column\">\n\t\t\t<div class=\"elementor-widget-wrap elementor-element-populated\">\n\t\t\t\t\t\t<div class=\"elementor-element elementor-element-d3eaa29 elementor-widget elementor-widget-spacer\" data-id=\"d3eaa29\" data-element_type=\"widget\" data-e-type=\"widget\" data-widget_type=\"spacer.default\">\n\t\t\t\t<div class=\"elementor-widget-container\">\n\t\t\t\t\t\t\t<div class=\"elementor-spacer\">\n\t\t\t<div class=\"elementor-spacer-inner\"><\/div>\n\t\t<\/div>\n\t\t\t\t\t\t<\/div>\n\t\t\t\t<\/div>\n\t\t\t\t\t<\/div>\n\t\t<\/div>\n\t\t\t\t<div class=\"elementor-column elementor-col-66 elementor-top-column elementor-element elementor-element-95dca3c\" data-id=\"95dca3c\" data-element_type=\"column\" data-e-type=\"column\">\n\t\t\t<div class=\"elementor-widget-wrap elementor-element-populated\">\n\t\t\t\t\t\t<div class=\"elementor-element elementor-element-b419cc0 elementor-tabs-view-horizontal elementor-widget elementor-widget-tabs\" data-id=\"b419cc0\" data-element_type=\"widget\" data-e-type=\"widget\" data-widget_type=\"tabs.default\">\n\t\t\t\t<div class=\"elementor-widget-container\">\n\t\t\t\t\t\t\t<div class=\"elementor-tabs\">\n\t\t\t<div class=\"elementor-tabs-wrapper\" role=\"tablist\" >\n\t\t\t\t\t\t\t\t\t<div id=\"elementor-tab-title-1881\" class=\"elementor-tab-title elementor-tab-desktop-title\" aria-selected=\"true\" data-tab=\"1\" role=\"tab\" tabindex=\"0\" aria-controls=\"elementor-tab-content-1881\" aria-expanded=\"false\">Cecilia Prijzen<\/div>\n\t\t\t\t\t\t\t\t\t<div id=\"elementor-tab-title-1882\" class=\"elementor-tab-title elementor-tab-desktop-title\" aria-selected=\"false\" data-tab=\"2\" role=\"tab\" tabindex=\"-1\" aria-controls=\"elementor-tab-content-1882\" aria-expanded=\"false\">Genomineerde opnames<\/div>\n\t\t\t\t\t\t\t<\/div>\n\t\t\t<div class=\"elementor-tabs-content-wrapper\" role=\"tablist\" aria-orientation=\"vertical\">\n\t\t\t\t\t\t\t\t\t<div class=\"elementor-tab-title elementor-tab-mobile-title\" aria-selected=\"true\" data-tab=\"1\" role=\"tab\" tabindex=\"0\" aria-controls=\"elementor-tab-content-1881\" aria-expanded=\"false\">Cecilia Prijzen<\/div>\n\t\t\t\t\t<div id=\"elementor-tab-content-1881\" class=\"elementor-tab-content elementor-clearfix\" data-tab=\"1\" role=\"tabpanel\" aria-labelledby=\"elementor-tab-title-1881\" tabindex=\"0\" hidden=\"false\"><p class=\"p2\">Hoe beslist de Vereniging van de Belgische Muziekpers over de toewijzing van de prijzen?<\/p><ol class=\"ol1\"><li class=\"li1\">Elk lid van de Vereniging van de Belgische Muziekpers stuurt een lijst op van zijn\/haar favoriete cd\u2019s en dvd\u2019s, die in de loop van het afgelopen jaar uitkwamen (in dit geval van 15 december 2024 tot en met 31 december 2025), met een minimum van 10 en een maximum van 40 opnames.<\/li><li class=\"li1\">De jury neemt de stemmen op en klasseert ze. De jury neemt nadien bedenktijd om informatie aan te vullen (bestellen, verspreiden en beluisteren van genomineerde opnames die sommigen eventueel nog niet ontvangen hebben).<\/li><li class=\"li2\">Tijdens een volgende vergadering wordt beslist aan welke 10 opnames (zowel cd als dvd) een Caecilia Prijs wordt gegeven. Daaraan kan worden toegevoegd: de Snepvangersprijs voor een Belgische productie, een speciale prijs voor een \u2018coup de coeur\u2019 van de jury, de Albert De Sutter Prijs voor een historische opname en een carri\u00e8reprijs.<\/li><\/ol><p class=\"p1\">Zonder grote internationale prestigeproducties te willen uitsluiten, tracht de jury van de Caecilia Prijzen nieuw talent, uitzonderlijke repertoires en gedurfde projecten in de kijker te zetten.<\/p><\/div>\n\t\t\t\t\t\t\t\t\t<div class=\"elementor-tab-title elementor-tab-mobile-title\" aria-selected=\"false\" data-tab=\"2\" role=\"tab\" tabindex=\"-1\" aria-controls=\"elementor-tab-content-1882\" aria-expanded=\"false\">Genomineerde opnames<\/div>\n\t\t\t\t\t<div id=\"elementor-tab-content-1882\" class=\"elementor-tab-content elementor-clearfix\" data-tab=\"2\" role=\"tabpanel\" aria-labelledby=\"elementor-tab-title-1882\" tabindex=\"0\" hidden=\"hidden\"><h4 class=\"p1\">Lijst van genomineerde opnames, <br \/>in chronologische volgorde van componisten<\/h4><p class=\"p1\"><i>Amor Eterno &#8211; <\/i>Caccini, Calestani, Capirola, Certon, Charpentier, d\u2019Ambruys, Del Biado, del Encina, Desprez, Janequin, Kapsberger, Marais, Mar\u00edn, Mil\u00e1n, Monteverdi, Mudarra, Ortiz, Piccinini, Spinacino, V\u00e1squez &#8211; Gwendoline Blondeel &#8211; Quito Gato &#8211; Mathilde Vialle &#8211; Pernelle Marzorati &#8211; Laurent Sauron &#8211; Harmonia Mundi<\/p><p class=\"p3\">Tarquinio Merula &#8211; <i>Concerti spirituali <\/i>&#8211; InAlto &#8211; Lambert Colson &#8211; Bernard Foccroulle &#8211; Ricercar<\/p><p class=\"p4\"><i>Songs of Passion &#8211; <\/i>John Dowland, Henry Purcell &#8211; Lea Desandre &#8211; Thomas Dunford \u2013 Jupiter &#8211; Warner<\/p><p class=\"p4\">Henry Purcell &#8211; <i>Dido &amp; Aeneas &#8211; <\/i>Joyce DiDonato &#8211; Michael Spyres &#8211; Fatma Said &#8211; Beth Taylor &#8211; Hugh Cutting &#8211; Laurence Kilsby &#8211; Il Pomo d\u2019Oro &#8211; Maxim Emelyanychev &#8211; Warner<\/p><p class=\"p4\">Johann Sebastian Bach &#8211; <i>Keyboard Concertos &#8211; <\/i>Beatrice Rana &#8211; Amsterdam Sinfonietta &#8211; Warner<\/p><p class=\"p4\">George Frideric Handel, <i>Dixit Dominus &#8211; <\/i>Giovanni Paolo Colonna, <i>Missa Concertata &#8211; <\/i>Elizaveta Sveshnikova &#8211; Mariana Flores &#8211; Paul-Antoine B\u00e9nos-Djian &#8211; Valerio Contaldo &#8211; Andr\u00e9 Morsch &#8211; Cappella Mediterranea &#8211; Ch\u0153ur de chambre de Namur &#8211; Leonardo Garc\u00eda-Alarc\u00f3n &#8211; Ricercar<\/p><p class=\"p4\">Jean-Marie Leclair, <i>Complete Violin Concertos<\/i> &#8211; St\u00e9phanie-Marie Degand &#8211; La Diane Fran\u00e7aise \u2013 NoMadMusic<\/p><p class=\"p4\">Joseph Haydn &#8211; <i>Quatuors op. 76 (Erd\u00f6di) <\/i>&#8211; Quatuor Arod &#8211; Erato<\/p><p class=\"p4\">Wolfgang Amadeus Mozart &#8211; <i>Flute Concertos &#8211; <\/i>Anna Besson &#8211; Clara Izambert &#8211;<i> <\/i>A nocte temporis &#8211; Reinoud Van Mechelen &#8211; Alpha<\/p><p class=\"p7\">Wolfgang Amadeus Mozart, <i>Quatuor K. 465 \u00ab\u00a0Les Dissonances\u00a0\u00bb<\/i> &#8211; Franz Schubert, <i>Quatuor n\u00b0\u00a014 \u00ab\u00a0La Jeune fille et la mort\u00a0\u00bb &#8211; <\/i>Fine Arts Quartet &#8211; Le Palais des D\u00e9gustateurs<\/p><p class=\"p4\">John Field, <i>Complete Nocturnes<\/i> &#8211; Alice Sara Ott &#8211; Deutsche Grammophon<\/p><p class=\"p8\"><span class=\"s2\"><i>Visiting Rachmaninoff &#8211; <\/i><\/span>Sergei Rachmaninov, <i>Variations on a Theme by Chopin. Romances &#8211; <\/i>Alexander Melnikov &#8211; Julia Lezhneva &#8211; Harmonia Mundi<\/p><p class=\"p7\">Franz Schubert, <i>Wanderer Fantasy &amp; Song Transcriptions<\/i> &#8211; Johannes Brahms, <i>Piano Sonata n\u00b0 1<\/i> &#8211; Alexandre Kantorow &#8211; BIS<\/p><p class=\"p4\"><i>4 Hands &#8211; <\/i>Franz Schubert, <i>Fantasie<\/i> D.940, <i>Allegro<\/i> D.947 \u00ab\u00a0Lebensst\u00fcrme\u00a0\u00bb, <i>Fuge<\/i> D.952, <i>Rondo<\/i> D.951 &#8211; Bertrand Chamayou &#8211; Leif Ove Andsnes \u2013 Erato<\/p><p class=\"p4\"><i>Farasha &#8211; <\/i>Br\u00e9ville, Hindemith, Mendelssohn, Al Kammar, Saint-Sa\u00ebns &#8211; Sindy Mohamed &#8211; Julien Quentin &#8211; Berlin Classic<\/p><p class=\"p4\"><i>Soirs d\u2019or &#8211; <\/i>Claude Debussy, <i>L\u2019\u0153uvre pour piano (vol. 1)<\/i> &#8211; Elodie Vignon \u2013 Cypres<\/p><p class=\"p4\"><i>Belgian Works for Cello &amp; Piano &#8211; <\/i>Absil, Baas, Boucher, Felbusch, Franck, Janssens, Jongen, Lienart, Lysight<i> <\/i>&#8211; Alexandre Debrus &#8211; Gauvin de Morant &#8211; Pavane<\/p><p class=\"p4\">Gy\u00f6rgy Ligeti, <i>Concertos &#8211; <\/i>Isabelle Faust &#8211; Jean-Fr\u00e9d\u00e9ric Neuburger &#8211; Les Si\u00e8cles &#8211; Fran\u00e7ois-Xavier Roth &#8211; Harmonia Mundi<\/p><p class=\"p4\">Amy Beach &#8211; <i>Gaelic Symphony &#8211; <\/i>M\u00fcnchner Symphoniker &#8211; Joseph Bastian &#8211; Solo Musica<\/p><p class=\"p4\">Bernard Foccroulle, <i>Cassandra <\/i>&#8211; Jessica Niles &#8211; Sandrine Mairesse &#8211; Katarina Bradic &#8211; Lisa Willems &#8211; Kazushi Ono &#8211; La Monnaie Symphony Orchestra &#8211; Fuga Libera<\/p><p class=\"p4\">Aafje Heynis Edition &#8211; Bach, Beethoven, Mozart <i>et al. &#8211;<\/i> Decca Eloquence<\/p><p class=\"p7\"><i>Nelson Freire, The SWR Recordings<\/i> &#8211; Brahms, Chopin, Debussy, De Falla, Schumann, Scriabin, Villa Lobos &#8211; SWR<\/p><p class=\"p4\">Hommage \u00e0 Jodie Devos &#8211; Offenbach etc. &#8211; Alpha<\/p><\/div>\n\t\t\t\t\t\t\t<\/div>\n\t\t<\/div>\n\t\t\t\t\t\t<\/div>\n\t\t\t\t<\/div>\n\t\t\t\t\t<\/div>\n\t\t<\/div>\n\t\t\t\t<div class=\"elementor-column elementor-col-16 elementor-top-column elementor-element elementor-element-6f86549\" data-id=\"6f86549\" data-element_type=\"column\" data-e-type=\"column\">\n\t\t\t<div class=\"elementor-widget-wrap elementor-element-populated\">\n\t\t\t\t\t\t<div class=\"elementor-element elementor-element-b6c223c elementor-widget elementor-widget-spacer\" data-id=\"b6c223c\" data-element_type=\"widget\" data-e-type=\"widget\" data-widget_type=\"spacer.default\">\n\t\t\t\t<div class=\"elementor-widget-container\">\n\t\t\t\t\t\t\t<div class=\"elementor-spacer\">\n\t\t\t<div class=\"elementor-spacer-inner\"><\/div>\n\t\t<\/div>\n\t\t\t\t\t\t<\/div>\n\t\t\t\t<\/div>\n\t\t\t\t\t<\/div>\n\t\t<\/div>\n\t\t\t\t\t<\/div>\n\t\t<\/section>\n\t\t\t\t<section class=\"elementor-section elementor-top-section elementor-element elementor-element-dec6136 elementor-section-boxed elementor-section-height-default elementor-section-height-default\" data-id=\"dec6136\" data-element_type=\"section\" data-e-type=\"section\" data-settings=\"{&quot;background_background&quot;:&quot;classic&quot;}\">\n\t\t\t\t\t\t<div class=\"elementor-container elementor-column-gap-default\">\n\t\t\t\t\t<div class=\"elementor-column elementor-col-100 elementor-top-column elementor-element elementor-element-6fe2d43\" data-id=\"6fe2d43\" data-element_type=\"column\" data-e-type=\"column\">\n\t\t\t<div class=\"elementor-widget-wrap elementor-element-populated\">\n\t\t\t\t\t\t<div class=\"elementor-element elementor-element-e3ec068 elementor-arrows-position-inside elementor-widget elementor-widget-image-carousel\" data-id=\"e3ec068\" data-element_type=\"widget\" data-e-type=\"widget\" data-settings=\"{&quot;slides_to_show&quot;:&quot;5&quot;,&quot;navigation&quot;:&quot;arrows&quot;,&quot;autoplay&quot;:&quot;yes&quot;,&quot;pause_on_hover&quot;:&quot;yes&quot;,&quot;pause_on_interaction&quot;:&quot;yes&quot;,&quot;autoplay_speed&quot;:5000,&quot;infinite&quot;:&quot;yes&quot;,&quot;speed&quot;:500}\" data-widget_type=\"image-carousel.default\">\n\t\t\t\t<div class=\"elementor-widget-container\">\n\t\t\t\t\t\t\t<div class=\"elementor-image-carousel-wrapper swiper\" role=\"region\" aria-roledescription=\"carousel\" aria-label=\"Afbeelding carrousel\" dir=\"ltr\">\n\t\t\t<div class=\"elementor-image-carousel swiper-wrapper\" aria-live=\"off\">\n\t\t\t\t\t\t\t\t<div class=\"swiper-slide\" role=\"group\" aria-roledescription=\"slide\" aria-label=\"1 sur 12\"><figure class=\"swiper-slide-inner\"><img decoding=\"async\" class=\"swiper-slide-image\" src=\"https:\/\/muziekpers-pressemusicale.be\/wp-content\/uploads\/2026\/04\/902778_12x12_web.jpg.webp\" alt=\"902778_12x12_web.jpg\" \/><\/figure><\/div><div class=\"swiper-slide\" role=\"group\" aria-roledescription=\"slide\" aria-label=\"2 sur 12\"><figure class=\"swiper-slide-inner\"><img decoding=\"async\" class=\"swiper-slide-image\" src=\"https:\/\/muziekpers-pressemusicale.be\/wp-content\/uploads\/2026\/04\/61XWQtPi1CL._UF10001000_QL80_.jpg\" alt=\"61XWQtPi1CL._UF1000,1000_QL80_\" \/><\/figure><\/div><div class=\"swiper-slide\" role=\"group\" aria-roledescription=\"slide\" aria-label=\"3 sur 12\"><figure class=\"swiper-slide-inner\"><img decoding=\"async\" class=\"swiper-slide-image\" src=\"https:\/\/muziekpers-pressemusicale.be\/wp-content\/uploads\/2026\/04\/5021732284884.jpg\" alt=\"5021732284884\" \/><\/figure><\/div><div class=\"swiper-slide\" role=\"group\" aria-roledescription=\"slide\" aria-label=\"4 sur 12\"><figure class=\"swiper-slide-inner\"><img decoding=\"async\" class=\"swiper-slide-image\" src=\"https:\/\/muziekpers-pressemusicale.be\/wp-content\/uploads\/2026\/04\/qvkuyk-bachkeyboa-preview-m3.jpg\" alt=\"qvkuyk-bachkeyboa-preview-m3\" \/><\/figure><\/div><div class=\"swiper-slide\" role=\"group\" aria-roledescription=\"slide\" aria-label=\"5 sur 12\"><figure class=\"swiper-slide-inner\"><img decoding=\"async\" class=\"swiper-slide-image\" src=\"https:\/\/muziekpers-pressemusicale.be\/wp-content\/uploads\/2026\/04\/RIC470.jpeg\" alt=\"RIC470\" \/><\/figure><\/div><div class=\"swiper-slide\" role=\"group\" aria-roledescription=\"slide\" aria-label=\"6 sur 12\"><figure class=\"swiper-slide-inner\"><img decoding=\"async\" class=\"swiper-slide-image\" src=\"https:\/\/muziekpers-pressemusicale.be\/wp-content\/uploads\/2026\/04\/Leclair-Complete-Violin-Concertos.jpg\" alt=\"Leclair-Complete-Violin-Concertos\" \/><\/figure><\/div><div class=\"swiper-slide\" role=\"group\" aria-roledescription=\"slide\" aria-label=\"7 sur 12\"><figure class=\"swiper-slide-inner\"><img decoding=\"async\" class=\"swiper-slide-image\" src=\"https:\/\/muziekpers-pressemusicale.be\/wp-content\/uploads\/2026\/04\/550x550.jpg\" alt=\"550x550\" \/><\/figure><\/div><div class=\"swiper-slide\" role=\"group\" aria-roledescription=\"slide\" aria-label=\"8 sur 12\"><figure class=\"swiper-slide-inner\"><img decoding=\"async\" class=\"swiper-slide-image\" src=\"https:\/\/muziekpers-pressemusicale.be\/wp-content\/uploads\/2026\/04\/902751_12x12_web-768x768-1.jpg\" alt=\"902751_12x12_web-768x768\" \/><\/figure><\/div><div class=\"swiper-slide\" role=\"group\" aria-roledescription=\"slide\" aria-label=\"9 sur 12\"><figure class=\"swiper-slide-inner\"><img decoding=\"async\" class=\"swiper-slide-image\" src=\"https:\/\/muziekpers-pressemusicale.be\/wp-content\/uploads\/2026\/04\/5021732965912_Schubert-4-hands_digital-cover_preview-1536x1536.jpg\" alt=\"5021732965912_Schubert 4 hands_digital cover_preview\" \/><\/figure><\/div><div class=\"swiper-slide\" role=\"group\" aria-roledescription=\"slide\" aria-label=\"10 sur 12\"><figure class=\"swiper-slide-inner\"><img decoding=\"async\" class=\"swiper-slide-image\" src=\"https:\/\/muziekpers-pressemusicale.be\/wp-content\/uploads\/2026\/04\/905382_12x12.webp\" alt=\"905382_12x12\" \/><\/figure><\/div><div class=\"swiper-slide\" role=\"group\" aria-roledescription=\"slide\" aria-label=\"11 sur 12\"><figure class=\"swiper-slide-inner\"><img decoding=\"async\" class=\"swiper-slide-image\" src=\"https:\/\/muziekpers-pressemusicale.be\/wp-content\/uploads\/2026\/04\/cover_4523087.jpg\" alt=\"cover_4523087\" \/><\/figure><\/div><div class=\"swiper-slide\" role=\"group\" aria-roledescription=\"slide\" aria-label=\"12 sur 12\"><figure class=\"swiper-slide-inner\"><img decoding=\"async\" class=\"swiper-slide-image\" src=\"https:\/\/muziekpers-pressemusicale.be\/wp-content\/uploads\/2026\/04\/a0869585870_10.jpg\" alt=\"a0869585870_10\" \/><\/figure><\/div>\t\t\t<\/div>\n\t\t\t\t\t\t\t\t\t\t\t\t<div class=\"elementor-swiper-button elementor-swiper-button-prev\" role=\"button\" tabindex=\"0\">\n\t\t\t\t\t\t<i aria-hidden=\"true\" class=\"eicon-chevron-left\"><\/i>\t\t\t\t\t<\/div>\n\t\t\t\t\t<div class=\"elementor-swiper-button elementor-swiper-button-next\" role=\"button\" tabindex=\"0\">\n\t\t\t\t\t\t<i aria-hidden=\"true\" class=\"eicon-chevron-right\"><\/i>\t\t\t\t\t<\/div>\n\t\t\t\t\n\t\t\t\t\t\t\t\t\t<\/div>\n\t\t\t\t\t\t<\/div>\n\t\t\t\t<\/div>\n\t\t\t\t\t<\/div>\n\t\t<\/div>\n\t\t\t\t\t<\/div>\n\t\t<\/section>\n\t\t\t\t<section class=\"elementor-section elementor-top-section elementor-element elementor-element-af20068 elementor-section-boxed elementor-section-height-default elementor-section-height-default\" data-id=\"af20068\" data-element_type=\"section\" data-e-type=\"section\" data-settings=\"{&quot;background_background&quot;:&quot;classic&quot;}\">\n\t\t\t\t\t\t<div class=\"elementor-container elementor-column-gap-default\">\n\t\t\t\t\t<div class=\"elementor-column elementor-col-100 elementor-top-column elementor-element elementor-element-94eb7d3\" data-id=\"94eb7d3\" data-element_type=\"column\" data-e-type=\"column\">\n\t\t\t<div class=\"elementor-widget-wrap elementor-element-populated\">\n\t\t\t\t\t\t<div class=\"elementor-element elementor-element-6a73f90 elementor-widget elementor-widget-heading\" data-id=\"6a73f90\" data-element_type=\"widget\" data-e-type=\"widget\" data-widget_type=\"heading.default\">\n\t\t\t\t<div class=\"elementor-widget-container\">\n\t\t\t\t\t<h2 class=\"elementor-heading-title elementor-size-default\">Laureaten<\/h2>\t\t\t\t<\/div>\n\t\t\t\t<\/div>\n\t\t\t\t\t<\/div>\n\t\t<\/div>\n\t\t\t\t\t<\/div>\n\t\t<\/section>\n\t\t\t\t<section class=\"elementor-section elementor-top-section elementor-element elementor-element-3e1e860 elementor-section-boxed elementor-section-height-default elementor-section-height-default\" data-id=\"3e1e860\" data-element_type=\"section\" data-e-type=\"section\">\n\t\t\t\t\t\t<div class=\"elementor-container elementor-column-gap-default\">\n\t\t\t\t\t<div class=\"elementor-column elementor-col-16 elementor-top-column elementor-element elementor-element-94a4129\" data-id=\"94a4129\" data-element_type=\"column\" data-e-type=\"column\">\n\t\t\t<div class=\"elementor-widget-wrap elementor-element-populated\">\n\t\t\t\t\t\t<div class=\"elementor-element elementor-element-0519896 elementor-widget elementor-widget-spacer\" data-id=\"0519896\" data-element_type=\"widget\" data-e-type=\"widget\" data-widget_type=\"spacer.default\">\n\t\t\t\t<div class=\"elementor-widget-container\">\n\t\t\t\t\t\t\t<div class=\"elementor-spacer\">\n\t\t\t<div class=\"elementor-spacer-inner\"><\/div>\n\t\t<\/div>\n\t\t\t\t\t\t<\/div>\n\t\t\t\t<\/div>\n\t\t\t\t\t<\/div>\n\t\t<\/div>\n\t\t\t\t<div class=\"elementor-column elementor-col-66 elementor-top-column elementor-element elementor-element-6575de2\" data-id=\"6575de2\" data-element_type=\"column\" data-e-type=\"column\">\n\t\t\t<div class=\"elementor-widget-wrap elementor-element-populated\">\n\t\t\t\t\t\t<section class=\"elementor-section elementor-inner-section elementor-element elementor-element-e427010 elementor-section-boxed elementor-section-height-default elementor-section-height-default\" data-id=\"e427010\" data-element_type=\"section\" data-e-type=\"section\">\n\t\t\t\t\t\t<div class=\"elementor-container elementor-column-gap-default\">\n\t\t\t\t\t<div class=\"elementor-column elementor-col-33 elementor-inner-column elementor-element elementor-element-b4e6c02\" data-id=\"b4e6c02\" data-element_type=\"column\" data-e-type=\"column\">\n\t\t\t<div class=\"elementor-widget-wrap elementor-element-populated\">\n\t\t\t\t\t\t<div class=\"elementor-element elementor-element-252e25a elementor-widget elementor-widget-image\" data-id=\"252e25a\" data-element_type=\"widget\" data-e-type=\"widget\" data-widget_type=\"image.default\">\n\t\t\t\t<div class=\"elementor-widget-container\">\n\t\t\t\t\t\t\t\t\t\t\t\t\t\t\t<img fetchpriority=\"high\" decoding=\"async\" width=\"800\" height=\"800\" src=\"https:\/\/muziekpers-pressemusicale.be\/wp-content\/uploads\/2026\/04\/902778_12x12_web.jpg.webp\" class=\"attachment-large size-large wp-image-1920\" alt=\"\" srcset=\"https:\/\/muziekpers-pressemusicale.be\/wp-content\/uploads\/2026\/04\/902778_12x12_web.jpg.webp 800w, https:\/\/muziekpers-pressemusicale.be\/wp-content\/uploads\/2026\/04\/902778_12x12_web.jpg-300x300.webp 300w, https:\/\/muziekpers-pressemusicale.be\/wp-content\/uploads\/2026\/04\/902778_12x12_web.jpg-150x150.webp 150w, https:\/\/muziekpers-pressemusicale.be\/wp-content\/uploads\/2026\/04\/902778_12x12_web.jpg-768x768.webp 768w, https:\/\/muziekpers-pressemusicale.be\/wp-content\/uploads\/2026\/04\/902778_12x12_web.jpg-12x12.webp 12w\" sizes=\"(max-width: 800px) 100vw, 800px\" \/>\t\t\t\t\t\t\t\t\t\t\t\t\t\t\t<\/div>\n\t\t\t\t<\/div>\n\t\t\t\t\t<\/div>\n\t\t<\/div>\n\t\t\t\t<div class=\"elementor-column elementor-col-66 elementor-inner-column elementor-element elementor-element-46d68a5\" data-id=\"46d68a5\" data-element_type=\"column\" data-e-type=\"column\">\n\t\t\t<div class=\"elementor-widget-wrap elementor-element-populated\">\n\t\t\t\t\t\t<div class=\"elementor-element elementor-element-71b8fc6 elementor-widget elementor-widget-text-editor\" data-id=\"71b8fc6\" data-element_type=\"widget\" data-e-type=\"widget\" data-widget_type=\"text-editor.default\">\n\t\t\t\t<div class=\"elementor-widget-container\">\n\t\t\t\t\t\t\t\t\t<p class=\"p1\">Van Josquin Desprez (1450-1521) tot Marin Marais (1656-1728) klinken de meest tedere melodie\u00ebn, vertolkt door de stem van Gwendoline Blondeel, omringd door de zachte klanken van tokkelinstrumenten \u2013 luit en harp \u2013 en de strelende begeleiding van de viola da gamba. De stukken zijn kort en expressief, soms uitsluitend door de instrumenten gedragen, en wisselen hofmuziek, madrigalen en volksrefreinen af, altijd in het Latijn. De kunst van de jonge Belgische sopraan komt hier volledig tot uiting: een ronde, schitterende en soepele stem, beheersing en stijl \u2013 elke aria zorgt voor nieuw luistergenot. Grote kunst in een kleine vorm (Martine D. Mergeay).<\/p>\t\t\t\t\t\t\t\t<\/div>\n\t\t\t\t<\/div>\n\t\t\t\t\t<\/div>\n\t\t<\/div>\n\t\t\t\t\t<\/div>\n\t\t<\/section>\n\t\t\t\t<section class=\"elementor-section elementor-inner-section elementor-element elementor-element-dafa366 elementor-section-boxed elementor-section-height-default elementor-section-height-default\" data-id=\"dafa366\" data-element_type=\"section\" data-e-type=\"section\">\n\t\t\t\t\t\t<div class=\"elementor-container elementor-column-gap-default\">\n\t\t\t\t\t<div class=\"elementor-column elementor-col-33 elementor-inner-column elementor-element elementor-element-7d6b37c\" data-id=\"7d6b37c\" data-element_type=\"column\" data-e-type=\"column\">\n\t\t\t<div class=\"elementor-widget-wrap elementor-element-populated\">\n\t\t\t\t\t\t<div class=\"elementor-element elementor-element-60060e7 elementor-widget elementor-widget-image\" data-id=\"60060e7\" data-element_type=\"widget\" data-e-type=\"widget\" data-widget_type=\"image.default\">\n\t\t\t\t<div class=\"elementor-widget-container\">\n\t\t\t\t\t\t\t\t\t\t\t\t\t\t\t<img decoding=\"async\" width=\"800\" height=\"800\" src=\"https:\/\/muziekpers-pressemusicale.be\/wp-content\/uploads\/2026\/04\/61XWQtPi1CL._UF10001000_QL80_.jpg\" class=\"attachment-large size-large wp-image-1919\" alt=\"\" srcset=\"https:\/\/muziekpers-pressemusicale.be\/wp-content\/uploads\/2026\/04\/61XWQtPi1CL._UF10001000_QL80_.jpg 1000w, https:\/\/muziekpers-pressemusicale.be\/wp-content\/uploads\/2026\/04\/61XWQtPi1CL._UF10001000_QL80_-300x300.jpg 300w, https:\/\/muziekpers-pressemusicale.be\/wp-content\/uploads\/2026\/04\/61XWQtPi1CL._UF10001000_QL80_-150x150.jpg 150w, https:\/\/muziekpers-pressemusicale.be\/wp-content\/uploads\/2026\/04\/61XWQtPi1CL._UF10001000_QL80_-768x768.jpg 768w, https:\/\/muziekpers-pressemusicale.be\/wp-content\/uploads\/2026\/04\/61XWQtPi1CL._UF10001000_QL80_-12x12.jpg 12w\" sizes=\"(max-width: 800px) 100vw, 800px\" \/>\t\t\t\t\t\t\t\t\t\t\t\t\t\t\t<\/div>\n\t\t\t\t<\/div>\n\t\t\t\t\t<\/div>\n\t\t<\/div>\n\t\t\t\t<div class=\"elementor-column elementor-col-66 elementor-inner-column elementor-element elementor-element-898fa5b\" data-id=\"898fa5b\" data-element_type=\"column\" data-e-type=\"column\">\n\t\t\t<div class=\"elementor-widget-wrap elementor-element-populated\">\n\t\t\t\t\t\t<div class=\"elementor-element elementor-element-0de022c elementor-widget elementor-widget-text-editor\" data-id=\"0de022c\" data-element_type=\"widget\" data-e-type=\"widget\" data-widget_type=\"text-editor.default\">\n\t\t\t\t<div class=\"elementor-widget-container\">\n\t\t\t\t\t\t\t\t\t<p class=\"p1\">Wanneer verdient een CD nu eigenlijk een Ceciliaprijs? Laat ik het zo stellen. Wij, muziekliefhebbers en meer nog recensenten, leven en werken bijna altijd met muziek op de achtergrond.<span class=\"Apple-converted-space\">\u00a0 <\/span>Maar die achtergrond is vaak een behang: een muzikaal decor van allerlei zenders en internetradio\u2019s die altijd opstaan. Maar plots komt er toch af en toe een scheur in dat behang. Dan schrik je op en denk je: wat hoor ik? D\u00e0t heb ik nu nog nooit gehoord. Di\u00e9 muziek op zo\u2019n manier, nee! Onze Franstalige collega\u2019s hebben het dan vaak over een <i>coup de coeur<\/i> of zelfs een <i>coup de foudre<\/i>. Je aandacht is ineens gespitst, waar je mee bezig bent laat je meteen vallen. En je luistert, \u00e0nders dan je deed, je scherpt je gehoorzintuig en bent verbaasd. En je denkt: \u201cMaar wat is d\u00e0t?\u201d En ja, dan zoek je naar de playlist van de zender om meer te weten. Je hoort een stem, wat een stem! En je hoort een luitist, wat een luitist! Ze bewegen gracieus samen \u00e9n afzonderlijk.<span class=\"Apple-converted-space\">\u00a0 <\/span>Het zijn Lea Desandre en Thomas Dunford \u00e9n het Ensemble Jupiter. Je krijgt kippenvel en je wordt een beetje of juist erg melancholisch. Zo hoort dat bij Dowland, want \u201c<i>Semper Dowland, semper dolens\u201d. <\/i>Wat theatraler klinkt het bij Purcell, daar wordt het meer \u201c<i>O Solitude, my sweetest choice.\u201d<\/i> Met dit dubbelalbum kan je genieten van anderhalf uur subliem gebrachte <i>Songs of Passion<\/i>. Maar doe het niet in \u00e9\u00e9n keer. Wacht op een droevige melancholische bui of op een moment van intense passie. Maar nu? \u201c<i>Let my tears flow \u2026 of joy!\u201d<\/i> (Roger Creyf).<\/p>\t\t\t\t\t\t\t\t<\/div>\n\t\t\t\t<\/div>\n\t\t\t\t\t<\/div>\n\t\t<\/div>\n\t\t\t\t\t<\/div>\n\t\t<\/section>\n\t\t\t\t<section class=\"elementor-section elementor-inner-section elementor-element elementor-element-ea2854e elementor-section-boxed elementor-section-height-default elementor-section-height-default\" data-id=\"ea2854e\" data-element_type=\"section\" data-e-type=\"section\">\n\t\t\t\t\t\t<div class=\"elementor-container elementor-column-gap-default\">\n\t\t\t\t\t<div class=\"elementor-column elementor-col-33 elementor-inner-column elementor-element elementor-element-c96d39d\" data-id=\"c96d39d\" data-element_type=\"column\" data-e-type=\"column\">\n\t\t\t<div class=\"elementor-widget-wrap elementor-element-populated\">\n\t\t\t\t\t\t<div class=\"elementor-element elementor-element-bb4c98b elementor-widget elementor-widget-image\" data-id=\"bb4c98b\" data-element_type=\"widget\" data-e-type=\"widget\" data-widget_type=\"image.default\">\n\t\t\t\t<div class=\"elementor-widget-container\">\n\t\t\t\t\t\t\t\t\t\t\t\t\t\t\t<img decoding=\"async\" width=\"800\" height=\"800\" src=\"https:\/\/muziekpers-pressemusicale.be\/wp-content\/uploads\/2026\/04\/5021732284884-1024x1024.jpg\" class=\"attachment-large size-large wp-image-1918\" alt=\"\" srcset=\"https:\/\/muziekpers-pressemusicale.be\/wp-content\/uploads\/2026\/04\/5021732284884-1024x1024.jpg 1024w, https:\/\/muziekpers-pressemusicale.be\/wp-content\/uploads\/2026\/04\/5021732284884-300x300.jpg 300w, https:\/\/muziekpers-pressemusicale.be\/wp-content\/uploads\/2026\/04\/5021732284884-150x150.jpg 150w, https:\/\/muziekpers-pressemusicale.be\/wp-content\/uploads\/2026\/04\/5021732284884-768x768.jpg 768w, https:\/\/muziekpers-pressemusicale.be\/wp-content\/uploads\/2026\/04\/5021732284884-12x12.jpg 12w, https:\/\/muziekpers-pressemusicale.be\/wp-content\/uploads\/2026\/04\/5021732284884.jpg 1155w\" sizes=\"(max-width: 800px) 100vw, 800px\" \/>\t\t\t\t\t\t\t\t\t\t\t\t\t\t\t<\/div>\n\t\t\t\t<\/div>\n\t\t\t\t\t<\/div>\n\t\t<\/div>\n\t\t\t\t<div class=\"elementor-column elementor-col-66 elementor-inner-column elementor-element elementor-element-bfd6f66\" data-id=\"bfd6f66\" data-element_type=\"column\" data-e-type=\"column\">\n\t\t\t<div class=\"elementor-widget-wrap elementor-element-populated\">\n\t\t\t\t\t\t<div class=\"elementor-element elementor-element-fd868c0 elementor-widget elementor-widget-text-editor\" data-id=\"fd868c0\" data-element_type=\"widget\" data-e-type=\"widget\" data-widget_type=\"text-editor.default\">\n\t\t\t\t<div class=\"elementor-widget-container\">\n\t\t\t\t\t\t\t\t\t<p class=\"p1\">In deze nieuwe uitvoering van Purcells barokopera <i>Dido and Aeneas<\/i> vertolkt Joyce DiDonato de titelrol met een opvallende dramatische gelaagdheid. Haar interpretatie voert de luisteraar langs een emotioneel spectrum van koninklijke waardigheid naar rauwe berusting. Haar tegenspeler Michael Spyres overtuigt als een complexe Aeneas, geflankeerd door sterke bijdragen van Fatma Said (Belinda) en Beth Taylor (Sorceress). Onder leiding van Maxim Emelyanychev levert Il Pomo d&#8217;Oro (met dondermachine voor extra dramatiek) een opvallend energieke en theatrale lezing af (Helena Gaudeus).<\/p>\t\t\t\t\t\t\t\t<\/div>\n\t\t\t\t<\/div>\n\t\t\t\t\t<\/div>\n\t\t<\/div>\n\t\t\t\t\t<\/div>\n\t\t<\/section>\n\t\t\t\t<section class=\"elementor-section elementor-inner-section elementor-element elementor-element-a87e1d5 elementor-section-boxed elementor-section-height-default elementor-section-height-default\" data-id=\"a87e1d5\" data-element_type=\"section\" data-e-type=\"section\">\n\t\t\t\t\t\t<div class=\"elementor-container elementor-column-gap-default\">\n\t\t\t\t\t<div class=\"elementor-column elementor-col-33 elementor-inner-column elementor-element elementor-element-004f32d\" data-id=\"004f32d\" data-element_type=\"column\" data-e-type=\"column\">\n\t\t\t<div class=\"elementor-widget-wrap elementor-element-populated\">\n\t\t\t\t\t\t<div class=\"elementor-element elementor-element-ae37855 elementor-widget elementor-widget-image\" data-id=\"ae37855\" data-element_type=\"widget\" data-e-type=\"widget\" data-widget_type=\"image.default\">\n\t\t\t\t<div class=\"elementor-widget-container\">\n\t\t\t\t\t\t\t\t\t\t\t\t\t\t\t<img loading=\"lazy\" decoding=\"async\" width=\"800\" height=\"800\" src=\"https:\/\/muziekpers-pressemusicale.be\/wp-content\/uploads\/2026\/04\/qvkuyk-bachkeyboa-preview-m3-1024x1024.jpg\" class=\"attachment-large size-large wp-image-1917\" alt=\"\" srcset=\"https:\/\/muziekpers-pressemusicale.be\/wp-content\/uploads\/2026\/04\/qvkuyk-bachkeyboa-preview-m3-1024x1024.jpg 1024w, https:\/\/muziekpers-pressemusicale.be\/wp-content\/uploads\/2026\/04\/qvkuyk-bachkeyboa-preview-m3-300x300.jpg 300w, https:\/\/muziekpers-pressemusicale.be\/wp-content\/uploads\/2026\/04\/qvkuyk-bachkeyboa-preview-m3-150x150.jpg 150w, https:\/\/muziekpers-pressemusicale.be\/wp-content\/uploads\/2026\/04\/qvkuyk-bachkeyboa-preview-m3-768x768.jpg 768w, https:\/\/muziekpers-pressemusicale.be\/wp-content\/uploads\/2026\/04\/qvkuyk-bachkeyboa-preview-m3-12x12.jpg 12w, https:\/\/muziekpers-pressemusicale.be\/wp-content\/uploads\/2026\/04\/qvkuyk-bachkeyboa-preview-m3.jpg 1414w\" sizes=\"(max-width: 800px) 100vw, 800px\" \/>\t\t\t\t\t\t\t\t\t\t\t\t\t\t\t<\/div>\n\t\t\t\t<\/div>\n\t\t\t\t\t<\/div>\n\t\t<\/div>\n\t\t\t\t<div class=\"elementor-column elementor-col-66 elementor-inner-column elementor-element elementor-element-3a9b9b1\" data-id=\"3a9b9b1\" data-element_type=\"column\" data-e-type=\"column\">\n\t\t\t<div class=\"elementor-widget-wrap elementor-element-populated\">\n\t\t\t\t\t\t<div class=\"elementor-element elementor-element-6911123 elementor-widget elementor-widget-text-editor\" data-id=\"6911123\" data-element_type=\"widget\" data-e-type=\"widget\" data-widget_type=\"text-editor.default\">\n\t\t\t\t<div class=\"elementor-widget-container\">\n\t\t\t\t\t\t\t\t\t<p class=\"p1\">Het anachronistische gebruik van de piano in de klavierconcerten BWV 1052 tot en met BWV 1065 van Johann Sebastian Bach \u2013 die grotendeels transcripties zijn van concerten voor monodische instrumenten \u2013 blijft voorlopig voor verdeeldheid zorgen tussen voor- en tegenstanders. Als er \u00e9\u00e9n vertolkster is die deze discussies met een handgebaar terzijde kan schuiven, dan is het wel Beatrice Rana. Van kinds af aan met deze werken vertrouwd, trad zij op negenjarige leeftijd voor het eerst met orkest op in het <i>Concerto nr. 5<\/i> in f mineur. Haar voorbeeldige gevoel voor contrapunt, haar even natuurlijke als intelligente keuzes op het gebied van frasering en articulatie, en haar aandachtige bestudering van de verscheidenheid aan polyfone texturen die deze juweeltjes van het repertoire doordringen, onthullen \u2014 in perfecte symbiose met de Amsterdam Sinfonietta<i> \u2014 <\/i>met een zeldzame scherpzinnigheid de subtiliteit en de rijkdom van de combinaties die hier ontstaan uit de dialoog tussen het klavier en het orkest (Olivier Vrins).<\/p>\t\t\t\t\t\t\t\t<\/div>\n\t\t\t\t<\/div>\n\t\t\t\t\t<\/div>\n\t\t<\/div>\n\t\t\t\t\t<\/div>\n\t\t<\/section>\n\t\t\t\t<section class=\"elementor-section elementor-inner-section elementor-element elementor-element-7ed0559 elementor-section-boxed elementor-section-height-default elementor-section-height-default\" data-id=\"7ed0559\" data-element_type=\"section\" data-e-type=\"section\">\n\t\t\t\t\t\t<div class=\"elementor-container elementor-column-gap-default\">\n\t\t\t\t\t<div class=\"elementor-column elementor-col-33 elementor-inner-column elementor-element elementor-element-153419f\" data-id=\"153419f\" data-element_type=\"column\" data-e-type=\"column\">\n\t\t\t<div class=\"elementor-widget-wrap elementor-element-populated\">\n\t\t\t\t\t\t<div class=\"elementor-element elementor-element-4e83386 elementor-widget elementor-widget-image\" data-id=\"4e83386\" data-element_type=\"widget\" data-e-type=\"widget\" data-widget_type=\"image.default\">\n\t\t\t\t<div class=\"elementor-widget-container\">\n\t\t\t\t\t\t\t\t\t\t\t\t\t\t\t<img loading=\"lazy\" decoding=\"async\" width=\"800\" height=\"800\" src=\"https:\/\/muziekpers-pressemusicale.be\/wp-content\/uploads\/2026\/04\/RIC470.jpeg\" class=\"attachment-large size-large wp-image-1912\" alt=\"\" srcset=\"https:\/\/muziekpers-pressemusicale.be\/wp-content\/uploads\/2026\/04\/RIC470.jpeg 1000w, https:\/\/muziekpers-pressemusicale.be\/wp-content\/uploads\/2026\/04\/RIC470-300x300.jpeg 300w, https:\/\/muziekpers-pressemusicale.be\/wp-content\/uploads\/2026\/04\/RIC470-150x150.jpeg 150w, https:\/\/muziekpers-pressemusicale.be\/wp-content\/uploads\/2026\/04\/RIC470-768x768.jpeg 768w, https:\/\/muziekpers-pressemusicale.be\/wp-content\/uploads\/2026\/04\/RIC470-12x12.jpeg 12w\" sizes=\"(max-width: 800px) 100vw, 800px\" \/>\t\t\t\t\t\t\t\t\t\t\t\t\t\t\t<\/div>\n\t\t\t\t<\/div>\n\t\t\t\t\t<\/div>\n\t\t<\/div>\n\t\t\t\t<div class=\"elementor-column elementor-col-66 elementor-inner-column elementor-element elementor-element-158e83b\" data-id=\"158e83b\" data-element_type=\"column\" data-e-type=\"column\">\n\t\t\t<div class=\"elementor-widget-wrap elementor-element-populated\">\n\t\t\t\t\t\t<div class=\"elementor-element elementor-element-fc589da elementor-widget elementor-widget-text-editor\" data-id=\"fc589da\" data-element_type=\"widget\" data-e-type=\"widget\" data-widget_type=\"text-editor.default\">\n\t\t\t\t<div class=\"elementor-widget-container\">\n\t\t\t\t\t\t\t\t\t<p class=\"p1\">Deze cd, opgenomen in de Grand Man\u00e8ge van Namen, brengt een juweel uit het barokrepertoire samen: een werk gecomponeerd in Itali\u00eb door een 22-jarige H\u00e4ndel \u2013 door William Boyce omschreven als een directe erfgenaam van de Bolognese componist Giovanni Paolo Colonna \u2013 en een nooit eerder uitgebrachte concertante mis van laatstgenoemde. Onder de sprankelende leiding van Leonardo Garc\u00eda-Alarc\u00f3n schittert het Kamerkoor van Namen in deze flamboyante stukken, waarin strikt contrapunt, zachte cantabile-passages en bravoure-aria\u2019s die de beste <i>drammae per musica<\/i> waardig zijn, elkaar afwisselen. De zorgvuldige bezetting verrijkt de smakelijke dialogen tussen solisten, koorleden en instrumentalisten nog verder (Olivier Vrins).<\/p>\t\t\t\t\t\t\t\t<\/div>\n\t\t\t\t<\/div>\n\t\t\t\t\t<\/div>\n\t\t<\/div>\n\t\t\t\t\t<\/div>\n\t\t<\/section>\n\t\t\t\t<section class=\"elementor-section elementor-inner-section elementor-element elementor-element-4d8c172 elementor-section-boxed elementor-section-height-default elementor-section-height-default\" data-id=\"4d8c172\" data-element_type=\"section\" data-e-type=\"section\">\n\t\t\t\t\t\t<div class=\"elementor-container elementor-column-gap-default\">\n\t\t\t\t\t<div class=\"elementor-column elementor-col-33 elementor-inner-column elementor-element elementor-element-98f37bb\" data-id=\"98f37bb\" data-element_type=\"column\" data-e-type=\"column\">\n\t\t\t<div class=\"elementor-widget-wrap elementor-element-populated\">\n\t\t\t\t\t\t<div class=\"elementor-element elementor-element-70d0da5 elementor-widget elementor-widget-image\" data-id=\"70d0da5\" data-element_type=\"widget\" data-e-type=\"widget\" data-widget_type=\"image.default\">\n\t\t\t\t<div class=\"elementor-widget-container\">\n\t\t\t\t\t\t\t\t\t\t\t\t\t\t\t<img loading=\"lazy\" decoding=\"async\" width=\"400\" height=\"400\" src=\"https:\/\/muziekpers-pressemusicale.be\/wp-content\/uploads\/2026\/04\/Leclair-Complete-Violin-Concertos.jpg\" class=\"attachment-large size-large wp-image-1907\" alt=\"\" srcset=\"https:\/\/muziekpers-pressemusicale.be\/wp-content\/uploads\/2026\/04\/Leclair-Complete-Violin-Concertos.jpg 400w, https:\/\/muziekpers-pressemusicale.be\/wp-content\/uploads\/2026\/04\/Leclair-Complete-Violin-Concertos-300x300.jpg 300w, https:\/\/muziekpers-pressemusicale.be\/wp-content\/uploads\/2026\/04\/Leclair-Complete-Violin-Concertos-150x150.jpg 150w, https:\/\/muziekpers-pressemusicale.be\/wp-content\/uploads\/2026\/04\/Leclair-Complete-Violin-Concertos-12x12.jpg 12w\" sizes=\"(max-width: 400px) 100vw, 400px\" \/>\t\t\t\t\t\t\t\t\t\t\t\t\t\t\t<\/div>\n\t\t\t\t<\/div>\n\t\t\t\t\t<\/div>\n\t\t<\/div>\n\t\t\t\t<div class=\"elementor-column elementor-col-66 elementor-inner-column elementor-element elementor-element-54bf830\" data-id=\"54bf830\" data-element_type=\"column\" data-e-type=\"column\">\n\t\t\t<div class=\"elementor-widget-wrap elementor-element-populated\">\n\t\t\t\t\t\t<div class=\"elementor-element elementor-element-41ffc94 elementor-widget elementor-widget-text-editor\" data-id=\"41ffc94\" data-element_type=\"widget\" data-e-type=\"widget\" data-widget_type=\"text-editor.default\">\n\t\t\t\t<div class=\"elementor-widget-container\">\n\t\t\t\t\t\t\t\t\t<p class=\"p1\">Dit is een liefdesverhaal tussen St\u00e9phanie-Marie Degand en haar illustere voorganger, Jean-Marie Leclair (1697-1764), die tijdens zijn leven een immense ster was als virtuoos violist en in de negentiende eeuw nog meer aanzien verwierf als grondlegger van de viool \u201c\u00e0 la fran\u00e7aise\u201d. Terwijl Leclairs tijdgenoten hem de Franse Corelli noemden, maakt St\u00e9phanie-Marie de emancipatie van haar held definitief duidelijk: gedurende de twaalf concerten (Op. 7 &amp; Op. 10), die in intense harmonie met La Diane Fran\u00e7aise worden uitgevoerd, klinkt een briljante en discursieve viool \u2014 meesterlijk in het contrapunt \u2014 die elke harmonische uitstap omzet in een verrassende wending. Men zou bijna de ongelooflijke virtuositeit vergeten die de soliste gedurende dit boeiende corpus tentoonspreidt (Martine D. Mergeay).<\/p>\t\t\t\t\t\t\t\t<\/div>\n\t\t\t\t<\/div>\n\t\t\t\t\t<\/div>\n\t\t<\/div>\n\t\t\t\t\t<\/div>\n\t\t<\/section>\n\t\t\t\t<section class=\"elementor-section elementor-inner-section elementor-element elementor-element-162468c elementor-section-boxed elementor-section-height-default elementor-section-height-default\" data-id=\"162468c\" data-element_type=\"section\" data-e-type=\"section\">\n\t\t\t\t\t\t<div class=\"elementor-container elementor-column-gap-default\">\n\t\t\t\t\t<div class=\"elementor-column elementor-col-33 elementor-inner-column elementor-element elementor-element-e4cf781\" data-id=\"e4cf781\" data-element_type=\"column\" data-e-type=\"column\">\n\t\t\t<div class=\"elementor-widget-wrap elementor-element-populated\">\n\t\t\t\t\t\t<div class=\"elementor-element elementor-element-dc80396 elementor-widget elementor-widget-image\" data-id=\"dc80396\" data-element_type=\"widget\" data-e-type=\"widget\" data-widget_type=\"image.default\">\n\t\t\t\t<div class=\"elementor-widget-container\">\n\t\t\t\t\t\t\t\t\t\t\t\t\t\t\t<img loading=\"lazy\" decoding=\"async\" width=\"550\" height=\"550\" src=\"https:\/\/muziekpers-pressemusicale.be\/wp-content\/uploads\/2026\/04\/550x550.jpg\" class=\"attachment-large size-large wp-image-1906\" alt=\"\" srcset=\"https:\/\/muziekpers-pressemusicale.be\/wp-content\/uploads\/2026\/04\/550x550.jpg 550w, https:\/\/muziekpers-pressemusicale.be\/wp-content\/uploads\/2026\/04\/550x550-300x300.jpg 300w, https:\/\/muziekpers-pressemusicale.be\/wp-content\/uploads\/2026\/04\/550x550-150x150.jpg 150w, https:\/\/muziekpers-pressemusicale.be\/wp-content\/uploads\/2026\/04\/550x550-12x12.jpg 12w\" sizes=\"(max-width: 550px) 100vw, 550px\" \/>\t\t\t\t\t\t\t\t\t\t\t\t\t\t\t<\/div>\n\t\t\t\t<\/div>\n\t\t\t\t\t<\/div>\n\t\t<\/div>\n\t\t\t\t<div class=\"elementor-column elementor-col-66 elementor-inner-column elementor-element elementor-element-5f2f66d\" data-id=\"5f2f66d\" data-element_type=\"column\" data-e-type=\"column\">\n\t\t\t<div class=\"elementor-widget-wrap elementor-element-populated\">\n\t\t\t\t\t\t<div class=\"elementor-element elementor-element-ad6f933 elementor-widget elementor-widget-text-editor\" data-id=\"ad6f933\" data-element_type=\"widget\" data-e-type=\"widget\" data-widget_type=\"text-editor.default\">\n\t\t\t\t<div class=\"elementor-widget-container\">\n\t\t\t\t\t\t\t\t\t<p class=\"p1\">La pianiste allemande Alice Sara Ott pr\u00e9sente une nouvel enregistrement int\u00e9gral des nocturnes du compositeur-pianiste irlandais John Field. Elle drape les \u0153uvres de Field dans des textures claires et un lyrisme tendre. Ses subtils changements de timbre et son usage raffin\u00e9 de la p\u00e9dale fournissent une lecture tout en nuances de ces compositions simples, sans les surcharger ni les romantiser \u00e0 l&#8217;exc\u00e8s. Ott livre ainsi une contribution int\u00e8gre \u00e0 la discographie existante du genre le plus important pratiqu\u00e9 par Field (Helena Gaudeus).<\/p>\t\t\t\t\t\t\t\t<\/div>\n\t\t\t\t<\/div>\n\t\t\t\t\t<\/div>\n\t\t<\/div>\n\t\t\t\t\t<\/div>\n\t\t<\/section>\n\t\t\t\t<section class=\"elementor-section elementor-inner-section elementor-element elementor-element-200c27a elementor-section-boxed elementor-section-height-default elementor-section-height-default\" data-id=\"200c27a\" data-element_type=\"section\" data-e-type=\"section\">\n\t\t\t\t\t\t<div class=\"elementor-container elementor-column-gap-default\">\n\t\t\t\t\t<div class=\"elementor-column elementor-col-33 elementor-inner-column elementor-element elementor-element-3f92a56\" data-id=\"3f92a56\" data-element_type=\"column\" data-e-type=\"column\">\n\t\t\t<div class=\"elementor-widget-wrap elementor-element-populated\">\n\t\t\t\t\t\t<div class=\"elementor-element elementor-element-775f794 elementor-widget elementor-widget-image\" data-id=\"775f794\" data-element_type=\"widget\" data-e-type=\"widget\" data-widget_type=\"image.default\">\n\t\t\t\t<div class=\"elementor-widget-container\">\n\t\t\t\t\t\t\t\t\t\t\t\t\t\t\t<img loading=\"lazy\" decoding=\"async\" width=\"768\" height=\"768\" src=\"https:\/\/muziekpers-pressemusicale.be\/wp-content\/uploads\/2026\/04\/902751_12x12_web-768x768-1.jpg\" class=\"attachment-large size-large wp-image-1902\" alt=\"\" srcset=\"https:\/\/muziekpers-pressemusicale.be\/wp-content\/uploads\/2026\/04\/902751_12x12_web-768x768-1.jpg 768w, https:\/\/muziekpers-pressemusicale.be\/wp-content\/uploads\/2026\/04\/902751_12x12_web-768x768-1-300x300.jpg 300w, https:\/\/muziekpers-pressemusicale.be\/wp-content\/uploads\/2026\/04\/902751_12x12_web-768x768-1-150x150.jpg 150w, https:\/\/muziekpers-pressemusicale.be\/wp-content\/uploads\/2026\/04\/902751_12x12_web-768x768-1-12x12.jpg 12w\" sizes=\"(max-width: 768px) 100vw, 768px\" \/>\t\t\t\t\t\t\t\t\t\t\t\t\t\t\t<\/div>\n\t\t\t\t<\/div>\n\t\t\t\t\t<\/div>\n\t\t<\/div>\n\t\t\t\t<div class=\"elementor-column elementor-col-66 elementor-inner-column elementor-element elementor-element-68324f9\" data-id=\"68324f9\" data-element_type=\"column\" data-e-type=\"column\">\n\t\t\t<div class=\"elementor-widget-wrap elementor-element-populated\">\n\t\t\t\t\t\t<div class=\"elementor-element elementor-element-a7e0b47 elementor-widget elementor-widget-text-editor\" data-id=\"a7e0b47\" data-element_type=\"widget\" data-e-type=\"widget\" data-widget_type=\"text-editor.default\">\n\t\t\t\t<div class=\"elementor-widget-container\">\n\t\t\t\t\t\t\t\t\t<p class=\"p1\">Deze opname, gerealiseerd in de Zwitserse villa van Rachmaninov en op de prachtige piano van de componist, is een echt kleinood. Om te beginnen vertolkt Alexander Melnikov de <i>Variaties op een thema van Chopin<\/i> op zeer subtiele wijze, waarbij hij alle facetten van de muziek, zowel virtuoos als po\u00ebtisch, laat schitteren. Hoewel Julia Lezhneva vooral bekend staat om haar buitengewone virtuositeit in het barokrepertoire, toont de Russische sopraan zich<span class=\"Apple-converted-space\">\u00a0 <\/span>hier op haar best in deze selectie van <i>Romances<\/i>; dit typisch Russisch genre met liederen die soms sentimenteel, dan weer hartstochtelijk zijn. Het is een echte zangles die Lezhneva hier ten gehore brengt in dit bij ons nog weinig gekende repertoire, waarin Rachmaninov zowel de verwachte virtuoze pianopartijen weet te combineren met een prachtige manier om de stem te behandelen. Deze plaat zal Rachmaninov-liefhebbers zonder twijfel bekoren maar zou eveneens melomanen die de vocale muziek van de componist nog niet kennen, aangenaam kunnen verrassen (Patrice Lieberman).<\/p>\t\t\t\t\t\t\t\t<\/div>\n\t\t\t\t<\/div>\n\t\t\t\t\t<\/div>\n\t\t<\/div>\n\t\t\t\t\t<\/div>\n\t\t<\/section>\n\t\t\t\t<section class=\"elementor-section elementor-inner-section elementor-element elementor-element-de8f41c elementor-section-boxed elementor-section-height-default elementor-section-height-default\" data-id=\"de8f41c\" data-element_type=\"section\" data-e-type=\"section\">\n\t\t\t\t\t\t<div class=\"elementor-container elementor-column-gap-default\">\n\t\t\t\t\t<div class=\"elementor-column elementor-col-33 elementor-inner-column elementor-element elementor-element-346fa00\" data-id=\"346fa00\" data-element_type=\"column\" data-e-type=\"column\">\n\t\t\t<div class=\"elementor-widget-wrap elementor-element-populated\">\n\t\t\t\t\t\t<div class=\"elementor-element elementor-element-df6363f elementor-widget elementor-widget-image\" data-id=\"df6363f\" data-element_type=\"widget\" data-e-type=\"widget\" data-widget_type=\"image.default\">\n\t\t\t\t<div class=\"elementor-widget-container\">\n\t\t\t\t\t\t\t\t\t\t\t\t\t\t\t<img loading=\"lazy\" decoding=\"async\" width=\"800\" height=\"800\" src=\"https:\/\/muziekpers-pressemusicale.be\/wp-content\/uploads\/2026\/04\/5021732965912_Schubert-4-hands_digital-cover_preview-1024x1024.jpg\" class=\"attachment-large size-large wp-image-1901\" alt=\"\" srcset=\"https:\/\/muziekpers-pressemusicale.be\/wp-content\/uploads\/2026\/04\/5021732965912_Schubert-4-hands_digital-cover_preview-1024x1024.jpg 1024w, https:\/\/muziekpers-pressemusicale.be\/wp-content\/uploads\/2026\/04\/5021732965912_Schubert-4-hands_digital-cover_preview-300x300.jpg 300w, https:\/\/muziekpers-pressemusicale.be\/wp-content\/uploads\/2026\/04\/5021732965912_Schubert-4-hands_digital-cover_preview-150x150.jpg 150w, https:\/\/muziekpers-pressemusicale.be\/wp-content\/uploads\/2026\/04\/5021732965912_Schubert-4-hands_digital-cover_preview-768x768.jpg 768w, https:\/\/muziekpers-pressemusicale.be\/wp-content\/uploads\/2026\/04\/5021732965912_Schubert-4-hands_digital-cover_preview-1536x1536.jpg 1536w, https:\/\/muziekpers-pressemusicale.be\/wp-content\/uploads\/2026\/04\/5021732965912_Schubert-4-hands_digital-cover_preview-12x12.jpg 12w, https:\/\/muziekpers-pressemusicale.be\/wp-content\/uploads\/2026\/04\/5021732965912_Schubert-4-hands_digital-cover_preview.jpg 1600w\" sizes=\"(max-width: 800px) 100vw, 800px\" \/>\t\t\t\t\t\t\t\t\t\t\t\t\t\t\t<\/div>\n\t\t\t\t<\/div>\n\t\t\t\t\t<\/div>\n\t\t<\/div>\n\t\t\t\t<div class=\"elementor-column elementor-col-66 elementor-inner-column elementor-element elementor-element-5787075\" data-id=\"5787075\" data-element_type=\"column\" data-e-type=\"column\">\n\t\t\t<div class=\"elementor-widget-wrap elementor-element-populated\">\n\t\t\t\t\t\t<div class=\"elementor-element elementor-element-e5914ac elementor-widget elementor-widget-text-editor\" data-id=\"e5914ac\" data-element_type=\"widget\" data-e-type=\"widget\" data-widget_type=\"text-editor.default\">\n\t\t\t\t<div class=\"elementor-widget-container\">\n\t\t\t\t\t\t\t\t\t<p class=\"p1\">Aan opnames van Schuberts <i>Fantasie in fa klein<\/i> voor piano vierhandig is er zeker geen tekort, maar deze nieuwe versie schiet meteen naar de top. Wat Leif Ove Andsnes en Bertand Chamayou hier presteren, is zonder meer uitzonderlijk. Het volstaat inderdaad niet om twee topsolisten bij elkaar te brengen om meteen een interpretatie van de bovenste plank te verkrijgen, maar dit is nu echt wat we te horen krijgen. De mix van technische vaardigheid, diepgang, interpretatieve fijnzinnigheid, en de prachtig harmoni\u00ebrende persoonlijkheden van de Franse en de Noorse pianisten \u2014 dit alles mondt uit in een uitvoering waarin beide musici dankzij hun verbluffende verstandhouding tot een echte eenheid komen. Dezelfde opmerkingen gelden trouwens voor het dramatische en virtuoze <i>Lebensst\u00fcrme,<\/i> alsook voor het <i>Rondo in la groot<\/i>, boordevol charme en tederheid. Laten we hopen dat dit uitmuntende duo binnenkort zijn aandacht vestigt op andere prachtige stukken voor piano vierhandig van de Weense componist (Patrice Lieberman).<\/p>\t\t\t\t\t\t\t\t<\/div>\n\t\t\t\t<\/div>\n\t\t\t\t\t<\/div>\n\t\t<\/div>\n\t\t\t\t\t<\/div>\n\t\t<\/section>\n\t\t\t\t<section class=\"elementor-section elementor-inner-section elementor-element elementor-element-2ed4994 elementor-section-boxed elementor-section-height-default elementor-section-height-default\" data-id=\"2ed4994\" data-element_type=\"section\" data-e-type=\"section\">\n\t\t\t\t\t\t<div class=\"elementor-container elementor-column-gap-default\">\n\t\t\t\t\t<div class=\"elementor-column elementor-col-33 elementor-inner-column elementor-element elementor-element-fff9906\" data-id=\"fff9906\" data-element_type=\"column\" data-e-type=\"column\">\n\t\t\t<div class=\"elementor-widget-wrap elementor-element-populated\">\n\t\t\t\t\t\t<div class=\"elementor-element elementor-element-74b470b elementor-widget elementor-widget-image\" data-id=\"74b470b\" data-element_type=\"widget\" data-e-type=\"widget\" data-widget_type=\"image.default\">\n\t\t\t\t<div class=\"elementor-widget-container\">\n\t\t\t\t\t\t\t\t\t\t\t\t\t\t\t<img loading=\"lazy\" decoding=\"async\" width=\"800\" height=\"800\" src=\"https:\/\/muziekpers-pressemusicale.be\/wp-content\/uploads\/2026\/04\/905382_12x12.webp\" class=\"attachment-large size-large wp-image-1900\" alt=\"\" srcset=\"https:\/\/muziekpers-pressemusicale.be\/wp-content\/uploads\/2026\/04\/905382_12x12.webp 800w, https:\/\/muziekpers-pressemusicale.be\/wp-content\/uploads\/2026\/04\/905382_12x12-300x300.webp 300w, https:\/\/muziekpers-pressemusicale.be\/wp-content\/uploads\/2026\/04\/905382_12x12-150x150.webp 150w, https:\/\/muziekpers-pressemusicale.be\/wp-content\/uploads\/2026\/04\/905382_12x12-768x768.webp 768w, https:\/\/muziekpers-pressemusicale.be\/wp-content\/uploads\/2026\/04\/905382_12x12-12x12.webp 12w\" sizes=\"(max-width: 800px) 100vw, 800px\" \/>\t\t\t\t\t\t\t\t\t\t\t\t\t\t\t<\/div>\n\t\t\t\t<\/div>\n\t\t\t\t\t<\/div>\n\t\t<\/div>\n\t\t\t\t<div class=\"elementor-column elementor-col-66 elementor-inner-column elementor-element elementor-element-5e14de4\" data-id=\"5e14de4\" data-element_type=\"column\" data-e-type=\"column\">\n\t\t\t<div class=\"elementor-widget-wrap elementor-element-populated\">\n\t\t\t\t\t\t<div class=\"elementor-element elementor-element-b26ddf6 elementor-widget elementor-widget-text-editor\" data-id=\"b26ddf6\" data-element_type=\"widget\" data-e-type=\"widget\" data-widget_type=\"text-editor.default\">\n\t\t\t\t<div class=\"elementor-widget-container\">\n\t\t\t\t\t\t\t\t\t<p class=\"p1\">Oeverloze verbeelding, tot het uiterste gedreven virtuositeit, onverwachte diepgang, ritmische en harmonische subtiliteit, feilloos gevoel voor orkestkleur, de kunst om de toehoorder steeds op de verkeerde voet te zetten: alles wat de muziek van Ligeti geliefd maakt, vind je in deze concerto\u2019s terug. Isabelle Faust neemt het vioolconcerto voor haar rekening en fascineert door een mengeling van strengheid, verbeelding en diepgang. En in het schitterende pianoconcerto is de Franse pianist Jean-Fr\u00e9d\u00e9ric Neuburger gewoon verbluffend. Beide solisten kunnen op de onvoorwaardelijke steun van het ensemble les Si\u00e8cles en dirigent Fran\u00e7ois-Xavier Roth rekenen, die zich ook in het meeslepende en folkloristisch getinte <i>Concert Rom\u00e2nesc<\/i> van hun beste kant tonen. Het is trouwens een prachtig idee om twee aangrijpende stukken te laten horen uit de vijfledige cyclus <i>Aus der Ferne<\/i> voor strijkkwartet van de thans honderdjarige Gy\u00f6rgy Kurt\u00e1g, Ligeti\u2019s vriend en generatiegenoot (Patrice Lieberman).<\/p>\t\t\t\t\t\t\t\t<\/div>\n\t\t\t\t<\/div>\n\t\t\t\t\t<\/div>\n\t\t<\/div>\n\t\t\t\t\t<\/div>\n\t\t<\/section>\n\t\t\t\t\t<\/div>\n\t\t<\/div>\n\t\t\t\t<div class=\"elementor-column elementor-col-16 elementor-top-column elementor-element elementor-element-1596bc7\" data-id=\"1596bc7\" data-element_type=\"column\" data-e-type=\"column\">\n\t\t\t<div class=\"elementor-widget-wrap elementor-element-populated\">\n\t\t\t\t\t\t<div class=\"elementor-element elementor-element-37f9b64 elementor-widget elementor-widget-spacer\" data-id=\"37f9b64\" data-element_type=\"widget\" data-e-type=\"widget\" data-widget_type=\"spacer.default\">\n\t\t\t\t<div class=\"elementor-widget-container\">\n\t\t\t\t\t\t\t<div class=\"elementor-spacer\">\n\t\t\t<div class=\"elementor-spacer-inner\"><\/div>\n\t\t<\/div>\n\t\t\t\t\t\t<\/div>\n\t\t\t\t<\/div>\n\t\t\t\t\t<\/div>\n\t\t<\/div>\n\t\t\t\t\t<\/div>\n\t\t<\/section>\n\t\t\t\t<section class=\"elementor-section elementor-top-section elementor-element elementor-element-cb8d2a3 elementor-section-boxed elementor-section-height-default elementor-section-height-default\" data-id=\"cb8d2a3\" data-element_type=\"section\" data-e-type=\"section\" data-settings=\"{&quot;background_background&quot;:&quot;classic&quot;}\">\n\t\t\t\t\t\t<div class=\"elementor-container elementor-column-gap-default\">\n\t\t\t\t\t<div class=\"elementor-column elementor-col-100 elementor-top-column elementor-element elementor-element-f24fab8\" data-id=\"f24fab8\" data-element_type=\"column\" data-e-type=\"column\">\n\t\t\t<div class=\"elementor-widget-wrap elementor-element-populated\">\n\t\t\t\t\t\t<div class=\"elementor-element elementor-element-d098327 elementor-widget elementor-widget-heading\" data-id=\"d098327\" data-element_type=\"widget\" data-e-type=\"widget\" data-widget_type=\"heading.default\">\n\t\t\t\t<div class=\"elementor-widget-container\">\n\t\t\t\t\t<h2 class=\"elementor-heading-title elementor-size-default\">Speciale prijzen: Coup de c\u0153ur<\/h2>\t\t\t\t<\/div>\n\t\t\t\t<\/div>\n\t\t\t\t\t<\/div>\n\t\t<\/div>\n\t\t\t\t\t<\/div>\n\t\t<\/section>\n\t\t\t\t<section class=\"elementor-section elementor-top-section elementor-element elementor-element-8b48c08 elementor-section-boxed elementor-section-height-default elementor-section-height-default\" data-id=\"8b48c08\" data-element_type=\"section\" data-e-type=\"section\">\n\t\t\t\t\t\t<div class=\"elementor-container elementor-column-gap-default\">\n\t\t\t\t\t<div class=\"elementor-column elementor-col-16 elementor-top-column elementor-element elementor-element-f63093f\" data-id=\"f63093f\" data-element_type=\"column\" data-e-type=\"column\">\n\t\t\t<div class=\"elementor-widget-wrap elementor-element-populated\">\n\t\t\t\t\t\t<div class=\"elementor-element elementor-element-6306420 elementor-widget elementor-widget-spacer\" data-id=\"6306420\" data-element_type=\"widget\" data-e-type=\"widget\" data-widget_type=\"spacer.default\">\n\t\t\t\t<div class=\"elementor-widget-container\">\n\t\t\t\t\t\t\t<div class=\"elementor-spacer\">\n\t\t\t<div class=\"elementor-spacer-inner\"><\/div>\n\t\t<\/div>\n\t\t\t\t\t\t<\/div>\n\t\t\t\t<\/div>\n\t\t\t\t\t<\/div>\n\t\t<\/div>\n\t\t\t\t<div class=\"elementor-column elementor-col-66 elementor-top-column elementor-element elementor-element-f40f370\" data-id=\"f40f370\" data-element_type=\"column\" data-e-type=\"column\">\n\t\t\t<div class=\"elementor-widget-wrap elementor-element-populated\">\n\t\t\t\t\t\t<section class=\"elementor-section elementor-inner-section elementor-element elementor-element-2d225d1 elementor-section-boxed elementor-section-height-default elementor-section-height-default\" data-id=\"2d225d1\" data-element_type=\"section\" data-e-type=\"section\">\n\t\t\t\t\t\t<div class=\"elementor-container elementor-column-gap-default\">\n\t\t\t\t\t<div class=\"elementor-column elementor-col-33 elementor-inner-column elementor-element elementor-element-80557ad\" data-id=\"80557ad\" data-element_type=\"column\" data-e-type=\"column\">\n\t\t\t<div class=\"elementor-widget-wrap elementor-element-populated\">\n\t\t\t\t\t\t<div class=\"elementor-element elementor-element-c19fad2 elementor-widget elementor-widget-image\" data-id=\"c19fad2\" data-element_type=\"widget\" data-e-type=\"widget\" data-widget_type=\"image.default\">\n\t\t\t\t<div class=\"elementor-widget-container\">\n\t\t\t\t\t\t\t\t\t\t\t\t\t\t\t<img loading=\"lazy\" decoding=\"async\" width=\"800\" height=\"800\" src=\"https:\/\/muziekpers-pressemusicale.be\/wp-content\/uploads\/2026\/04\/cover_4523087.jpg\" class=\"attachment-large size-large wp-image-1892\" alt=\"\" srcset=\"https:\/\/muziekpers-pressemusicale.be\/wp-content\/uploads\/2026\/04\/cover_4523087.jpg 900w, https:\/\/muziekpers-pressemusicale.be\/wp-content\/uploads\/2026\/04\/cover_4523087-300x300.jpg 300w, https:\/\/muziekpers-pressemusicale.be\/wp-content\/uploads\/2026\/04\/cover_4523087-150x150.jpg 150w, https:\/\/muziekpers-pressemusicale.be\/wp-content\/uploads\/2026\/04\/cover_4523087-768x768.jpg 768w, https:\/\/muziekpers-pressemusicale.be\/wp-content\/uploads\/2026\/04\/cover_4523087-12x12.jpg 12w\" sizes=\"(max-width: 800px) 100vw, 800px\" \/>\t\t\t\t\t\t\t\t\t\t\t\t\t\t\t<\/div>\n\t\t\t\t<\/div>\n\t\t\t\t\t<\/div>\n\t\t<\/div>\n\t\t\t\t<div class=\"elementor-column elementor-col-66 elementor-inner-column elementor-element elementor-element-cb723ce\" data-id=\"cb723ce\" data-element_type=\"column\" data-e-type=\"column\">\n\t\t\t<div class=\"elementor-widget-wrap elementor-element-populated\">\n\t\t\t\t\t\t<div class=\"elementor-element elementor-element-e98f344 elementor-widget elementor-widget-text-editor\" data-id=\"e98f344\" data-element_type=\"widget\" data-e-type=\"widget\" data-widget_type=\"text-editor.default\">\n\t\t\t\t<div class=\"elementor-widget-container\">\n\t\t\t\t\t\t\t\t\t<p class=\"p1\">De altvioliste Sindy Mohamed, van Egyptische afkomst, volgde haar opleiding aan het CNSM in Parijs en aan de Kronberg Academy. Tegenwoordig is zij actief lid van het West-Eastern Divan Orchestra (Barenboim) en zet zij tegelijkertijd een schitterende en gedurfde carri\u00e8re voort. Samen met pianist Julien Quentin brengt zij hier haar eerste album uit, <i>Farasha<\/i> (Vlinder), waarop zij prachtige klanken en een verfijnde lyriek laat horen. Ze biedt ons hier aangename ontdekkingen, waaronder de sonate van Pierre de Br\u00e9ville, een leerling van Franck, de transcriptie (van fagot naar altviool) van de laatste sonate van Saint-Sa\u00ebns, en het stuk van Khaled al Kammar, een zeldzaam voorbeeld van een geslaagde fusie (Martine Dumont-Mergeay).<\/p>\t\t\t\t\t\t\t\t<\/div>\n\t\t\t\t<\/div>\n\t\t\t\t\t<\/div>\n\t\t<\/div>\n\t\t\t\t\t<\/div>\n\t\t<\/section>\n\t\t\t\t<section class=\"elementor-section elementor-inner-section elementor-element elementor-element-55f26c3 elementor-section-boxed elementor-section-height-default elementor-section-height-default\" data-id=\"55f26c3\" data-element_type=\"section\" data-e-type=\"section\">\n\t\t\t\t\t\t<div class=\"elementor-container elementor-column-gap-default\">\n\t\t\t\t\t<div class=\"elementor-column elementor-col-33 elementor-inner-column elementor-element elementor-element-0a86bdb\" data-id=\"0a86bdb\" data-element_type=\"column\" data-e-type=\"column\">\n\t\t\t<div class=\"elementor-widget-wrap elementor-element-populated\">\n\t\t\t\t\t\t<div class=\"elementor-element elementor-element-a8077a6 elementor-widget elementor-widget-image\" data-id=\"a8077a6\" data-element_type=\"widget\" data-e-type=\"widget\" data-widget_type=\"image.default\">\n\t\t\t\t<div class=\"elementor-widget-container\">\n\t\t\t\t\t\t\t\t\t\t\t\t\t\t\t<img loading=\"lazy\" decoding=\"async\" width=\"800\" height=\"800\" src=\"https:\/\/muziekpers-pressemusicale.be\/wp-content\/uploads\/2026\/04\/a0869585870_10-1024x1024.jpg\" class=\"attachment-large size-large wp-image-1893\" alt=\"\" srcset=\"https:\/\/muziekpers-pressemusicale.be\/wp-content\/uploads\/2026\/04\/a0869585870_10-1024x1024.jpg 1024w, https:\/\/muziekpers-pressemusicale.be\/wp-content\/uploads\/2026\/04\/a0869585870_10-300x300.jpg 300w, https:\/\/muziekpers-pressemusicale.be\/wp-content\/uploads\/2026\/04\/a0869585870_10-150x150.jpg 150w, https:\/\/muziekpers-pressemusicale.be\/wp-content\/uploads\/2026\/04\/a0869585870_10-768x768.jpg 768w, https:\/\/muziekpers-pressemusicale.be\/wp-content\/uploads\/2026\/04\/a0869585870_10-12x12.jpg 12w, https:\/\/muziekpers-pressemusicale.be\/wp-content\/uploads\/2026\/04\/a0869585870_10.jpg 1200w\" sizes=\"(max-width: 800px) 100vw, 800px\" \/>\t\t\t\t\t\t\t\t\t\t\t\t\t\t\t<\/div>\n\t\t\t\t<\/div>\n\t\t\t\t\t<\/div>\n\t\t<\/div>\n\t\t\t\t<div class=\"elementor-column elementor-col-66 elementor-inner-column elementor-element elementor-element-b25b823\" data-id=\"b25b823\" data-element_type=\"column\" data-e-type=\"column\">\n\t\t\t<div class=\"elementor-widget-wrap elementor-element-populated\">\n\t\t\t\t\t\t<div class=\"elementor-element elementor-element-4dcc6ab elementor-widget elementor-widget-text-editor\" data-id=\"4dcc6ab\" data-element_type=\"widget\" data-e-type=\"widget\" data-widget_type=\"text-editor.default\">\n\t\t\t\t<div class=\"elementor-widget-container\">\n\t\t\t\t\t\t\t\t\t<p class=\"p1\">Deze eerste mijlpaal in een nieuwe integrale uitgave van Debussy\u2019s pianowerken is een aangename verrassing, bijna een openbaring. We ontdekken hier namelijk een Debussy die we zelden horen: ontdaan van zijn dikste sluier, bevrijd van die klankmatten waarin de muzikale boodschap maar al te vaak vervaagt. De pianomuziek van Claude de France, die gewoonlijk gehuld is in vlezige bassen en klankhalo\u2019s die de lijnen doen vervagen, verdwaalt vaak in de mist \u2013 een visie die verdedigbaar is, maar niet alleen maar voordelen heeft. Onder de vingers van Elodie Vignon ontvouwt zij zich in het volle daglicht: de lagen lichten op, de lijnen worden scherper, de besneeuwde landschappen schitteren. Er is niets toevalligs aan deze hervonden helderheid, die het resultaat is van nauwgezet werk aan het evenwicht in de hoge tonen, het streven naar een grotere transparantie in de klank en de wil om deze partituren op een zowel sensuele als toegankelijke manier te vertolken. De roes komt hier niet langer voort uit verwarring, maar uit de zachtheid van de thema&#8217;s en de harmonische vloeiendheid. Elodie Vignon richt zo voor haar favoriete componist een monument op van een zeldzame samenhang, waarmee ze elke herhaling vermijdt (Olivier Vrins).<\/p>\t\t\t\t\t\t\t\t<\/div>\n\t\t\t\t<\/div>\n\t\t\t\t\t<\/div>\n\t\t<\/div>\n\t\t\t\t\t<\/div>\n\t\t<\/section>\n\t\t\t\t\t<\/div>\n\t\t<\/div>\n\t\t\t\t<div class=\"elementor-column elementor-col-16 elementor-top-column elementor-element elementor-element-49d571f\" data-id=\"49d571f\" data-element_type=\"column\" data-e-type=\"column\">\n\t\t\t<div class=\"elementor-widget-wrap elementor-element-populated\">\n\t\t\t\t\t\t<div class=\"elementor-element elementor-element-65f4b95 elementor-widget elementor-widget-spacer\" data-id=\"65f4b95\" data-element_type=\"widget\" data-e-type=\"widget\" data-widget_type=\"spacer.default\">\n\t\t\t\t<div class=\"elementor-widget-container\">\n\t\t\t\t\t\t\t<div class=\"elementor-spacer\">\n\t\t\t<div class=\"elementor-spacer-inner\"><\/div>\n\t\t<\/div>\n\t\t\t\t\t\t<\/div>\n\t\t\t\t<\/div>\n\t\t\t\t\t<\/div>\n\t\t<\/div>\n\t\t\t\t\t<\/div>\n\t\t<\/section>\n\t\t\t\t<section class=\"elementor-section elementor-top-section elementor-element elementor-element-d28f493 elementor-section-boxed elementor-section-height-default elementor-section-height-default\" data-id=\"d28f493\" data-element_type=\"section\" data-e-type=\"section\" data-settings=\"{&quot;background_background&quot;:&quot;classic&quot;}\">\n\t\t\t\t\t\t<div class=\"elementor-container elementor-column-gap-default\">\n\t\t\t\t\t<div class=\"elementor-column elementor-col-100 elementor-top-column elementor-element elementor-element-7f07196\" data-id=\"7f07196\" data-element_type=\"column\" data-e-type=\"column\">\n\t\t\t<div class=\"elementor-widget-wrap elementor-element-populated\">\n\t\t\t\t\t\t<div class=\"elementor-element elementor-element-57cf92a elementor-widget elementor-widget-heading\" data-id=\"57cf92a\" data-element_type=\"widget\" data-e-type=\"widget\" data-widget_type=\"heading.default\">\n\t\t\t\t<div class=\"elementor-widget-container\">\n\t\t\t\t\t<h2 class=\"elementor-heading-title elementor-size-default\">Samenstelling jury<\/h2>\t\t\t\t<\/div>\n\t\t\t\t<\/div>\n\t\t\t\t\t<\/div>\n\t\t<\/div>\n\t\t\t\t\t<\/div>\n\t\t<\/section>\n\t\t\t\t<section class=\"elementor-section elementor-top-section elementor-element elementor-element-53aa611 elementor-section-boxed elementor-section-height-default elementor-section-height-default\" data-id=\"53aa611\" data-element_type=\"section\" data-e-type=\"section\">\n\t\t\t\t\t\t<div class=\"elementor-container elementor-column-gap-default\">\n\t\t\t\t\t<div class=\"elementor-column elementor-col-100 elementor-top-column elementor-element elementor-element-bfaea99\" data-id=\"bfaea99\" data-element_type=\"column\" data-e-type=\"column\">\n\t\t\t<div class=\"elementor-widget-wrap elementor-element-populated\">\n\t\t\t\t\t\t<div class=\"elementor-element elementor-element-6ad3127 elementor-widget elementor-widget-text-editor\" data-id=\"6ad3127\" data-element_type=\"widget\" data-e-type=\"widget\" data-widget_type=\"text-editor.default\">\n\t\t\t\t<div class=\"elementor-widget-container\">\n\t\t\t\t\t\t\t\t\t<p class=\"p1\"><strong>Roger Creyf<\/strong><br \/><i>Klassiek-Centraal<\/i><\/p><p class=\"p1\"><strong>Jasper Croonen<\/strong><br \/><i>Voorzitter van de Vereniging van de Belgische Muziekpers &#8211; De Standaard, BRUZZ<\/i><\/p><p class=\"p1\"><strong>Martine D. Mergeay<\/strong><br \/><i>La Libre, Musiq3<\/i><\/p><p class=\"p1\"><strong>Helena Gaudeus<\/strong><br \/><i>Klassiek-Centraal<\/i><\/p><p class=\"p1\"><strong>Patrice Lieberman<\/strong><br \/><i>Crescendo Magazine<\/i><\/p>\t\t\t\t\t\t\t\t<\/div>\n\t\t\t\t<\/div>\n\t\t\t\t\t<\/div>\n\t\t<\/div>\n\t\t\t\t\t<\/div>\n\t\t<\/section>\n\t\t\t\t<\/div>\n\t\t","protected":false},"excerpt":{"rendered":"<p>Cecilia Prijzen | 2025 Jonge Musicus van het Jaar\u200b Preselectie voor de Prijs van de Jonge Musicus van het Jaar 2025 (FR) De Prijs van de Jonge Musicus van het Jaar wordt afwisselend toegekend aan een Nederlandstalige en een Franstalige of Duitstalige musicus. Gwendoline Blondeel, soprano \/ sopraan Val\u00e8re Burnon, piano Pierre Fontenelle, violoncelle \/ [&hellip;]<\/p>\n","protected":false},"author":2,"featured_media":0,"parent":0,"menu_order":0,"comment_status":"closed","ping_status":"closed","template":"elementor_header_footer","meta":{"footnotes":""},"class_list":["post-1860","page","type-page","status-publish","hentry"],"_links":{"self":[{"href":"https:\/\/muziekpers-pressemusicale.be\/fr\/wp-json\/wp\/v2\/pages\/1860","targetHints":{"allow":["GET"]}}],"collection":[{"href":"https:\/\/muziekpers-pressemusicale.be\/fr\/wp-json\/wp\/v2\/pages"}],"about":[{"href":"https:\/\/muziekpers-pressemusicale.be\/fr\/wp-json\/wp\/v2\/types\/page"}],"author":[{"embeddable":true,"href":"https:\/\/muziekpers-pressemusicale.be\/fr\/wp-json\/wp\/v2\/users\/2"}],"replies":[{"embeddable":true,"href":"https:\/\/muziekpers-pressemusicale.be\/fr\/wp-json\/wp\/v2\/comments?post=1860"}],"version-history":[{"count":55,"href":"https:\/\/muziekpers-pressemusicale.be\/fr\/wp-json\/wp\/v2\/pages\/1860\/revisions"}],"predecessor-version":[{"id":1955,"href":"https:\/\/muziekpers-pressemusicale.be\/fr\/wp-json\/wp\/v2\/pages\/1860\/revisions\/1955"}],"wp:attachment":[{"href":"https:\/\/muziekpers-pressemusicale.be\/fr\/wp-json\/wp\/v2\/media?parent=1860"}],"curies":[{"name":"wp","href":"https:\/\/api.w.org\/{rel}","templated":true}]}}